{"id":13555,"date":"2019-06-21T09:01:03","date_gmt":"2019-06-21T09:01:03","guid":{"rendered":"https:\/\/www.cedem.me\/home\/"},"modified":"2024-09-16T12:57:54","modified_gmt":"2024-09-16T12:57:54","slug":"home","status":"publish","type":"page","link":"https:\/\/www.cedem.me\/en\/","title":{"rendered":"Po\u010detna"},"content":{"rendered":"\t\t<div data-elementor-type=\"wp-post\" data-elementor-id=\"13555\" class=\"elementor elementor-13555 elementor-10317\" data-elementor-post-type=\"page\">\n\t\t\t\t\t\t<section class=\"elementor-section elementor-top-section elementor-element elementor-element-49de8e4 elementor-section-full_width elementor-section-height-default elementor-section-height-default\" data-id=\"49de8e4\" data-element_type=\"section\" data-settings=\"{&quot;ekit_has_onepagescroll_dot&quot;:&quot;yes&quot;}\">\n\t\t\t\t\t\t\t<div class=\"elementor-background-overlay\"><\/div>\n\t\t\t\t\t\t\t<div class=\"elementor-container elementor-column-gap-no\">\n\t\t\t\t\t<div class=\"elementor-column elementor-col-100 elementor-top-column elementor-element elementor-element-0b0694f\" data-id=\"0b0694f\" data-element_type=\"column\">\n\t\t\t<div class=\"elementor-widget-wrap elementor-element-populated\">\n\t\t\t\t\t\t<div class=\"elementor-element elementor-element-dbaecca elementor-widget elementor-widget-shortcode\" data-id=\"dbaecca\" data-element_type=\"widget\" data-settings=\"{&quot;ekit_we_effect_on&quot;:&quot;none&quot;}\" data-widget_type=\"shortcode.default\">\n\t\t\t\t<div class=\"elementor-widget-container\">\n\t\t\t\t\t<div class=\"elementor-shortcode\">\n\t\t\t<!-- START home17 11 REVOLUTION SLIDER 6.7.14 --><p class=\"rs-p-wp-fix\"><\/p>\n\t\t\t<rs-module-wrap id=\"rev_slider_14_1_wrapper\" data-source=\"post\" style=\"visibility:hidden;background:transparent;padding:0;margin:0px auto;margin-top:0;margin-bottom:0;\">\n\t\t\t\t<rs-module id=\"rev_slider_14_1\" style=\"\" data-version=\"6.7.14\">\n\t\t\t\t\t<rs-slides style=\"overflow: hidden; position: absolute;\">\n\t\t\t\t\t\t<rs-slide style=\"position: absolute;\" data-key=\"rs-20463\" data-title=\"Understanding hate, building stronger foundations for our communities\" data-thumb=\"\/\/www.cedem.me\/wp-content\/uploads\/2026\/03\/Fotografija-1-100x50.jpg\" data-anim=\"ms:2000;e:slidingoverlay;\" data-in=\"y:-100%;\" class=\"xs-single-slider\">\n\t\t\t\t\t\t\t<img fetchpriority=\"high\" decoding=\"async\" src=\"\/\/www.cedem.me\/wp-content\/plugins\/revslider\/sr6\/assets\/assets\/dummy.png\" alt=\"\" title=\"Fotografija\" width=\"870\" height=\"492\" class=\"rev-slidebg tp-rs-img rs-lazyload\" data-lazyload=\"\/\/www.cedem.me\/wp-content\/uploads\/2026\/03\/Fotografija-1.jpg\" data-no-retina>\n<!--\n\t\t\t\t\t\t\t--><rs-layer\n\t\t\t\t\t\t\t\tid=\"slider-14-slide-20463-layer-0\" \n\t\t\t\t\t\t\t\tdata-type=\"shape\"\n\t\t\t\t\t\t\t\tdata-rsp_ch=\"on\"\n\t\t\t\t\t\t\t\tdata-xy=\"xo:-1615px,-1332px,-1012px,-624px;yo:-21px,-18px,-13px,-8px;\"\n\t\t\t\t\t\t\t\tdata-text=\"w:normal;s:20,16,12,7;l:0,20,15,9;\"\n\t\t\t\t\t\t\t\tdata-dim=\"w:3345px,2768px,2326px,1543px;h:2007px,1661px,1396px,926px;\"\n\t\t\t\t\t\t\t\tdata-frame_999=\"o:0;st:w;\"\n\t\t\t\t\t\t\t\tstyle=\"z-index:10;background-color:rgba(0,0,0,0.5);\"\n\t\t\t\t\t\t\t> \n\t\t\t\t\t\t\t<\/rs-layer><!--\n\n\t\t\t\t\t\t\t--><rs-layer\n\t\t\t\t\t\t\t\tid=\"slider-14-slide-20463-layer-1\" \n\t\t\t\t\t\t\t\tdata-type=\"text\"\n\t\t\t\t\t\t\t\tdata-rsp_ch=\"on\"\n\t\t\t\t\t\t\t\tdata-xy=\"xo:100px;yo:100px;\"\n\t\t\t\t\t\t\t\tdata-text=\"l:22;a:inherit;\"\n\t\t\t\t\t\t\t\tdata-frame_1=\"st:880;sp:1550;sR:880;\"\n\t\t\t\t\t\t\t\tdata-frame_999=\"o:0;st:w;sR:6570;\"\n\t\t\t\t\t\t\t\tstyle=\"z-index:9;font-family:'Open Sans';\"\n\t\t\t\t\t\t\t><div class=\"xs-overlay\"><\/div> \n\t\t\t\t\t\t\t<\/rs-layer><!--\n\n\t\t\t\t\t\t\t--><rs-layer\n\t\t\t\t\t\t\t\tid=\"slider-14-slide-20463-layer-2\" \n\t\t\t\t\t\t\t\tclass=\"rev-btn\"\n\t\t\t\t\t\t\t\tdata-type=\"button\"\n\t\t\t\t\t\t\t\tdata-rsp_ch=\"on\"\n\t\t\t\t\t\t\t\tdata-xy=\"x:c;xo:0,0,35px,0;yo:499px,519px,418px,601px;\"\n\t\t\t\t\t\t\t\tdata-text=\"w:normal;s:17,14,15,18;l:40,33,37,46;fw:500;\"\n\t\t\t\t\t\t\t\tdata-dim=\"minh:0px,none,none,none;\"\n\t\t\t\t\t\t\t\tdata-padding=\"t:10,8,9,12;r:60,50,56,72;b:10,8,9,12;l:60,50,56,72;\"\n\t\t\t\t\t\t\t\tdata-border=\"bor:12px,12px,12px,12px;\"\n\t\t\t\t\t\t\t\tdata-frame_0=\"x:0,0,0px,0px;y:0,0,0px,0px;\"\n\t\t\t\t\t\t\t\tdata-frame_1=\"x:0,0,0px,0px;y:0,0,0px,0px;\"\n\t\t\t\t\t\t\t\tdata-frame_999=\"o:0;st:w;\"\n\t\t\t\t\t\t\t\tdata-frame_hover=\"c:#fff;bgc:#055b8f;bor:12px,12px,12px,12px;e:power1.inOut;\"\n\t\t\t\t\t\t\t\tstyle=\"z-index:13;background-color:#056B8F;font-family:'Poppins';\"\n\t\t\t\t\t\t\t><a href=\"https:\/\/www.cedem.me\/en\/news\/understanding-hate-building-stronger-foundations-for-our-communities\/\" style=\"color:#fff;\">Read more<\/a> \n\t\t\t\t\t\t\t<\/rs-layer><!--\n\n\t\t\t\t\t\t\t--><rs-layer\n\t\t\t\t\t\t\t\tid=\"slider-14-slide-20463-layer-3\" \n\t\t\t\t\t\t\t\tclass=\"xs-rvs-box-shodow\"\n\t\t\t\t\t\t\t\tdata-type=\"text\"\n\t\t\t\t\t\t\t\tdata-rsp_ch=\"on\"\n\t\t\t\t\t\t\t\tdata-xy=\"x:c;y:m,b,b,t;yo:-117px,514px,589px,361px;\"\n\t\t\t\t\t\t\t\tdata-text=\"w:normal;s:40,40,40,31;l:77,77,77,59;fw:700,700,400,400;a:center;\"\n\t\t\t\t\t\t\t\tdata-dim=\"w:1064.99px,1064px,632.99px,447px;h:156px,156px,auto,auto;\"\n\t\t\t\t\t\t\t\tdata-frame_1=\"e:power4.inOut;sp:1500;\"\n\t\t\t\t\t\t\t\tdata-frame_999=\"o:0;st:w;sR:6590;\"\n\t\t\t\t\t\t\t\tstyle=\"z-index:12;font-family:'Merriweather';\"\n\t\t\t\t\t\t\t>Understanding hate, building stronger foundations for our communities \n\t\t\t\t\t\t\t<\/rs-layer><!--\n\n\t\t\t\t\t\t\t--><rs-layer\n\t\t\t\t\t\t\t\tid=\"slider-14-slide-20463-layer-11\" \n\t\t\t\t\t\t\t\tclass=\"banner-overlay\"\n\t\t\t\t\t\t\t\tdata-type=\"text\"\n\t\t\t\t\t\t\t\tdata-rsp_ch=\"on\"\n\t\t\t\t\t\t\t\tdata-xy=\"xo:100px;yo:100px;\"\n\t\t\t\t\t\t\t\tdata-text=\"l:22;a:inherit;\"\n\t\t\t\t\t\t\t\tdata-frame_999=\"o:0;st:w;sR:8700;\"\n\t\t\t\t\t\t\t\tstyle=\"z-index:8;font-family:'Open Sans';\"\n\t\t\t\t\t\t\t> \n\t\t\t\t\t\t\t<\/rs-layer><!--\n-->\t\t\t\t\t<\/rs-slide>\n\t\t\t\t\t\t<rs-slide style=\"position: absolute;\" data-key=\"rs-20228\" data-title=\"Toolkit for Journalists and the Judiciary &#8211; Confronting Artificial Intelligence\" data-thumb=\"\/\/www.cedem.me\/wp-content\/uploads\/2023\/12\/9-100x50.png\" data-anim=\"ms:2000;e:slidingoverlay;\" data-in=\"y:-100%;\" class=\"xs-single-slider\">\n\t\t\t\t\t\t\t<img decoding=\"async\" src=\"\/\/www.cedem.me\/wp-content\/plugins\/revslider\/sr6\/assets\/assets\/dummy.png\" alt=\"\" width=\"1800\" height=\"1200\" class=\"rev-slidebg tp-rs-img rs-lazyload\" data-lazyload=\"\/\/www.cedem.me\/wp-content\/uploads\/2023\/12\/9.png\" data-no-retina>\n<!--\n\t\t\t\t\t\t\t--><rs-layer\n\t\t\t\t\t\t\t\tid=\"slider-14-slide-20228-layer-0\" \n\t\t\t\t\t\t\t\tdata-type=\"shape\"\n\t\t\t\t\t\t\t\tdata-rsp_ch=\"on\"\n\t\t\t\t\t\t\t\tdata-xy=\"xo:-1615px,-1332px,-1012px,-624px;yo:-21px,-18px,-13px,-8px;\"\n\t\t\t\t\t\t\t\tdata-text=\"w:normal;s:20,16,12,7;l:0,20,15,9;\"\n\t\t\t\t\t\t\t\tdata-dim=\"w:3345px,2768px,2326px,1543px;h:2007px,1661px,1396px,926px;\"\n\t\t\t\t\t\t\t\tdata-frame_999=\"o:0;st:w;\"\n\t\t\t\t\t\t\t\tstyle=\"z-index:10;background-color:rgba(0,0,0,0.5);\"\n\t\t\t\t\t\t\t> \n\t\t\t\t\t\t\t<\/rs-layer><!--\n\n\t\t\t\t\t\t\t--><rs-layer\n\t\t\t\t\t\t\t\tid=\"slider-14-slide-20228-layer-1\" \n\t\t\t\t\t\t\t\tdata-type=\"text\"\n\t\t\t\t\t\t\t\tdata-rsp_ch=\"on\"\n\t\t\t\t\t\t\t\tdata-xy=\"xo:100px;yo:100px;\"\n\t\t\t\t\t\t\t\tdata-text=\"l:22;a:inherit;\"\n\t\t\t\t\t\t\t\tdata-frame_1=\"st:880;sp:1550;sR:880;\"\n\t\t\t\t\t\t\t\tdata-frame_999=\"o:0;st:w;sR:6570;\"\n\t\t\t\t\t\t\t\tstyle=\"z-index:9;font-family:'Open Sans';\"\n\t\t\t\t\t\t\t><div class=\"xs-overlay\"><\/div> \n\t\t\t\t\t\t\t<\/rs-layer><!--\n\n\t\t\t\t\t\t\t--><rs-layer\n\t\t\t\t\t\t\t\tid=\"slider-14-slide-20228-layer-2\" \n\t\t\t\t\t\t\t\tclass=\"rev-btn\"\n\t\t\t\t\t\t\t\tdata-type=\"button\"\n\t\t\t\t\t\t\t\tdata-rsp_ch=\"on\"\n\t\t\t\t\t\t\t\tdata-xy=\"x:c;xo:0,0,35px,0;yo:499px,519px,418px,601px;\"\n\t\t\t\t\t\t\t\tdata-text=\"w:normal;s:17,14,15,18;l:40,33,37,46;fw:500;\"\n\t\t\t\t\t\t\t\tdata-dim=\"minh:0px,none,none,none;\"\n\t\t\t\t\t\t\t\tdata-padding=\"t:10,8,9,12;r:60,50,56,72;b:10,8,9,12;l:60,50,56,72;\"\n\t\t\t\t\t\t\t\tdata-border=\"bor:12px,12px,12px,12px;\"\n\t\t\t\t\t\t\t\tdata-frame_0=\"x:0,0,0px,0px;y:0,0,0px,0px;\"\n\t\t\t\t\t\t\t\tdata-frame_1=\"x:0,0,0px,0px;y:0,0,0px,0px;\"\n\t\t\t\t\t\t\t\tdata-frame_999=\"o:0;st:w;\"\n\t\t\t\t\t\t\t\tdata-frame_hover=\"c:#fff;bgc:#055b8f;bor:12px,12px,12px,12px;e:power1.inOut;\"\n\t\t\t\t\t\t\t\tstyle=\"z-index:13;background-color:#056B8F;font-family:'Poppins';\"\n\t\t\t\t\t\t\t><a href=\"https:\/\/www.cedem.me\/en\/media-watchdog-en\/toolkit-for-journalists-and-the-judiciary-confronting-artificial-intelligence\/\" style=\"color:#fff;\">Read more<\/a> \n\t\t\t\t\t\t\t<\/rs-layer><!--\n\n\t\t\t\t\t\t\t--><rs-layer\n\t\t\t\t\t\t\t\tid=\"slider-14-slide-20228-layer-3\" \n\t\t\t\t\t\t\t\tclass=\"xs-rvs-box-shodow\"\n\t\t\t\t\t\t\t\tdata-type=\"text\"\n\t\t\t\t\t\t\t\tdata-rsp_ch=\"on\"\n\t\t\t\t\t\t\t\tdata-xy=\"x:c;y:m,b,b,t;yo:-117px,514px,589px,361px;\"\n\t\t\t\t\t\t\t\tdata-text=\"w:normal;s:40,40,40,31;l:77,77,77,59;fw:700,700,400,400;a:center;\"\n\t\t\t\t\t\t\t\tdata-dim=\"w:1064.99px,1064px,632.99px,447px;h:156px,156px,auto,auto;\"\n\t\t\t\t\t\t\t\tdata-frame_1=\"e:power4.inOut;sp:1500;\"\n\t\t\t\t\t\t\t\tdata-frame_999=\"o:0;st:w;sR:6590;\"\n\t\t\t\t\t\t\t\tstyle=\"z-index:12;font-family:'Merriweather';\"\n\t\t\t\t\t\t\t>Toolkit for Journalists and the Judiciary - Confronting Artificial Intelligence \n\t\t\t\t\t\t\t<\/rs-layer><!--\n\n\t\t\t\t\t\t\t--><rs-layer\n\t\t\t\t\t\t\t\tid=\"slider-14-slide-20228-layer-11\" \n\t\t\t\t\t\t\t\tclass=\"banner-overlay\"\n\t\t\t\t\t\t\t\tdata-type=\"text\"\n\t\t\t\t\t\t\t\tdata-rsp_ch=\"on\"\n\t\t\t\t\t\t\t\tdata-xy=\"xo:100px;yo:100px;\"\n\t\t\t\t\t\t\t\tdata-text=\"l:22;a:inherit;\"\n\t\t\t\t\t\t\t\tdata-frame_999=\"o:0;st:w;sR:8700;\"\n\t\t\t\t\t\t\t\tstyle=\"z-index:8;font-family:'Open Sans';\"\n\t\t\t\t\t\t\t> \n\t\t\t\t\t\t\t<\/rs-layer><!--\n-->\t\t\t\t\t<\/rs-slide>\n\t\t\t\t\t\t<rs-slide style=\"position: absolute;\" data-key=\"rs-20155\" data-title=\"Political Public Opinion in Montenegro, September 2025\" data-thumb=\"\/\/www.cedem.me\/wp-content\/uploads\/2025\/10\/DSC00825-scaled-100x50.jpg\" data-anim=\"ms:2000;e:slidingoverlay;\" data-in=\"y:-100%;\" class=\"xs-single-slider\">\n\t\t\t\t\t\t\t<img decoding=\"async\" src=\"\/\/www.cedem.me\/wp-content\/plugins\/revslider\/sr6\/assets\/assets\/dummy.png\" alt=\"\" title=\"DSC00825\" width=\"2560\" height=\"1706\" class=\"rev-slidebg tp-rs-img rs-lazyload\" data-lazyload=\"\/\/www.cedem.me\/wp-content\/uploads\/2025\/10\/DSC00825-scaled.jpg\" data-no-retina>\n<!--\n\t\t\t\t\t\t\t--><rs-layer\n\t\t\t\t\t\t\t\tid=\"slider-14-slide-20155-layer-0\" \n\t\t\t\t\t\t\t\tdata-type=\"shape\"\n\t\t\t\t\t\t\t\tdata-rsp_ch=\"on\"\n\t\t\t\t\t\t\t\tdata-xy=\"xo:-1615px,-1332px,-1012px,-624px;yo:-21px,-18px,-13px,-8px;\"\n\t\t\t\t\t\t\t\tdata-text=\"w:normal;s:20,16,12,7;l:0,20,15,9;\"\n\t\t\t\t\t\t\t\tdata-dim=\"w:3345px,2768px,2326px,1543px;h:2007px,1661px,1396px,926px;\"\n\t\t\t\t\t\t\t\tdata-frame_999=\"o:0;st:w;\"\n\t\t\t\t\t\t\t\tstyle=\"z-index:10;background-color:rgba(0,0,0,0.5);\"\n\t\t\t\t\t\t\t> \n\t\t\t\t\t\t\t<\/rs-layer><!--\n\n\t\t\t\t\t\t\t--><rs-layer\n\t\t\t\t\t\t\t\tid=\"slider-14-slide-20155-layer-1\" \n\t\t\t\t\t\t\t\tdata-type=\"text\"\n\t\t\t\t\t\t\t\tdata-rsp_ch=\"on\"\n\t\t\t\t\t\t\t\tdata-xy=\"xo:100px;yo:100px;\"\n\t\t\t\t\t\t\t\tdata-text=\"l:22;a:inherit;\"\n\t\t\t\t\t\t\t\tdata-frame_1=\"st:880;sp:1550;sR:880;\"\n\t\t\t\t\t\t\t\tdata-frame_999=\"o:0;st:w;sR:6570;\"\n\t\t\t\t\t\t\t\tstyle=\"z-index:9;font-family:'Open Sans';\"\n\t\t\t\t\t\t\t><div class=\"xs-overlay\"><\/div> \n\t\t\t\t\t\t\t<\/rs-layer><!--\n\n\t\t\t\t\t\t\t--><rs-layer\n\t\t\t\t\t\t\t\tid=\"slider-14-slide-20155-layer-2\" \n\t\t\t\t\t\t\t\tclass=\"rev-btn\"\n\t\t\t\t\t\t\t\tdata-type=\"button\"\n\t\t\t\t\t\t\t\tdata-rsp_ch=\"on\"\n\t\t\t\t\t\t\t\tdata-xy=\"x:c;xo:0,0,35px,0;yo:499px,519px,418px,601px;\"\n\t\t\t\t\t\t\t\tdata-text=\"w:normal;s:17,14,15,18;l:40,33,37,46;fw:500;\"\n\t\t\t\t\t\t\t\tdata-dim=\"minh:0px,none,none,none;\"\n\t\t\t\t\t\t\t\tdata-padding=\"t:10,8,9,12;r:60,50,56,72;b:10,8,9,12;l:60,50,56,72;\"\n\t\t\t\t\t\t\t\tdata-border=\"bor:12px,12px,12px,12px;\"\n\t\t\t\t\t\t\t\tdata-frame_0=\"x:0,0,0px,0px;y:0,0,0px,0px;\"\n\t\t\t\t\t\t\t\tdata-frame_1=\"x:0,0,0px,0px;y:0,0,0px,0px;\"\n\t\t\t\t\t\t\t\tdata-frame_999=\"o:0;st:w;\"\n\t\t\t\t\t\t\t\tdata-frame_hover=\"c:#fff;bgc:#055b8f;bor:12px,12px,12px,12px;e:power1.inOut;\"\n\t\t\t\t\t\t\t\tstyle=\"z-index:13;background-color:#056B8F;font-family:'Poppins';\"\n\t\t\t\t\t\t\t><a href=\"https:\/\/www.cedem.me\/en\/news\/political-public-opinion-in-montenegro-september-2025\/\" style=\"color:#fff;\">Read more<\/a> \n\t\t\t\t\t\t\t<\/rs-layer><!--\n\n\t\t\t\t\t\t\t--><rs-layer\n\t\t\t\t\t\t\t\tid=\"slider-14-slide-20155-layer-3\" \n\t\t\t\t\t\t\t\tclass=\"xs-rvs-box-shodow\"\n\t\t\t\t\t\t\t\tdata-type=\"text\"\n\t\t\t\t\t\t\t\tdata-rsp_ch=\"on\"\n\t\t\t\t\t\t\t\tdata-xy=\"x:c;y:m,b,b,t;yo:-117px,514px,589px,361px;\"\n\t\t\t\t\t\t\t\tdata-text=\"w:normal;s:40,40,40,31;l:77,77,77,59;fw:700,700,400,400;a:center;\"\n\t\t\t\t\t\t\t\tdata-dim=\"w:1064.99px,1064px,632.99px,447px;h:156px,156px,auto,auto;\"\n\t\t\t\t\t\t\t\tdata-frame_1=\"e:power4.inOut;sp:1500;\"\n\t\t\t\t\t\t\t\tdata-frame_999=\"o:0;st:w;sR:6590;\"\n\t\t\t\t\t\t\t\tstyle=\"z-index:12;font-family:'Merriweather';\"\n\t\t\t\t\t\t\t>Political Public Opinion in Montenegro, September 2025 \n\t\t\t\t\t\t\t<\/rs-layer><!--\n\n\t\t\t\t\t\t\t--><rs-layer\n\t\t\t\t\t\t\t\tid=\"slider-14-slide-20155-layer-11\" \n\t\t\t\t\t\t\t\tclass=\"banner-overlay\"\n\t\t\t\t\t\t\t\tdata-type=\"text\"\n\t\t\t\t\t\t\t\tdata-rsp_ch=\"on\"\n\t\t\t\t\t\t\t\tdata-xy=\"xo:100px;yo:100px;\"\n\t\t\t\t\t\t\t\tdata-text=\"l:22;a:inherit;\"\n\t\t\t\t\t\t\t\tdata-frame_999=\"o:0;st:w;sR:8700;\"\n\t\t\t\t\t\t\t\tstyle=\"z-index:8;font-family:'Open Sans';\"\n\t\t\t\t\t\t\t> \n\t\t\t\t\t\t\t<\/rs-layer><!--\n-->\t\t\t\t\t<\/rs-slide>\n\t\t\t\t\t\t<rs-slide style=\"position: absolute;\" data-key=\"rs-19423\" data-title=\"MEDIA WATCHDOG &#8211; TERMS OF REFERENCE\" data-thumb=\"\/\/www.cedem.me\/wp-content\/uploads\/2021\/05\/shutterstock_1145757053-copy-100x50.png\" data-anim=\"ms:2000;e:slidingoverlay;\" data-in=\"y:-100%;\" class=\"xs-single-slider\">\n\t\t\t\t\t\t\t<img loading=\"lazy\" decoding=\"async\" src=\"\/\/www.cedem.me\/wp-content\/plugins\/revslider\/sr6\/assets\/assets\/dummy.png\" alt=\"\" title=\"shutterstock_1145757053 copy\" width=\"1920\" height=\"1011\" class=\"rev-slidebg tp-rs-img rs-lazyload\" data-lazyload=\"\/\/www.cedem.me\/wp-content\/uploads\/2021\/05\/shutterstock_1145757053-copy.png\" data-no-retina>\n<!--\n\t\t\t\t\t\t\t--><rs-layer\n\t\t\t\t\t\t\t\tid=\"slider-14-slide-19423-layer-0\" \n\t\t\t\t\t\t\t\tdata-type=\"shape\"\n\t\t\t\t\t\t\t\tdata-rsp_ch=\"on\"\n\t\t\t\t\t\t\t\tdata-xy=\"xo:-1615px,-1332px,-1012px,-624px;yo:-21px,-18px,-13px,-8px;\"\n\t\t\t\t\t\t\t\tdata-text=\"w:normal;s:20,16,12,7;l:0,20,15,9;\"\n\t\t\t\t\t\t\t\tdata-dim=\"w:3345px,2768px,2326px,1543px;h:2007px,1661px,1396px,926px;\"\n\t\t\t\t\t\t\t\tdata-frame_999=\"o:0;st:w;\"\n\t\t\t\t\t\t\t\tstyle=\"z-index:10;background-color:rgba(0,0,0,0.5);\"\n\t\t\t\t\t\t\t> \n\t\t\t\t\t\t\t<\/rs-layer><!--\n\n\t\t\t\t\t\t\t--><rs-layer\n\t\t\t\t\t\t\t\tid=\"slider-14-slide-19423-layer-1\" \n\t\t\t\t\t\t\t\tdata-type=\"text\"\n\t\t\t\t\t\t\t\tdata-rsp_ch=\"on\"\n\t\t\t\t\t\t\t\tdata-xy=\"xo:100px;yo:100px;\"\n\t\t\t\t\t\t\t\tdata-text=\"l:22;a:inherit;\"\n\t\t\t\t\t\t\t\tdata-frame_1=\"st:880;sp:1550;sR:880;\"\n\t\t\t\t\t\t\t\tdata-frame_999=\"o:0;st:w;sR:6570;\"\n\t\t\t\t\t\t\t\tstyle=\"z-index:9;font-family:'Open Sans';\"\n\t\t\t\t\t\t\t><div class=\"xs-overlay\"><\/div> \n\t\t\t\t\t\t\t<\/rs-layer><!--\n\n\t\t\t\t\t\t\t--><rs-layer\n\t\t\t\t\t\t\t\tid=\"slider-14-slide-19423-layer-2\" \n\t\t\t\t\t\t\t\tclass=\"rev-btn\"\n\t\t\t\t\t\t\t\tdata-type=\"button\"\n\t\t\t\t\t\t\t\tdata-rsp_ch=\"on\"\n\t\t\t\t\t\t\t\tdata-xy=\"x:c;xo:0,0,35px,0;yo:499px,519px,418px,601px;\"\n\t\t\t\t\t\t\t\tdata-text=\"w:normal;s:17,14,15,18;l:40,33,37,46;fw:500;\"\n\t\t\t\t\t\t\t\tdata-dim=\"minh:0px,none,none,none;\"\n\t\t\t\t\t\t\t\tdata-padding=\"t:10,8,9,12;r:60,50,56,72;b:10,8,9,12;l:60,50,56,72;\"\n\t\t\t\t\t\t\t\tdata-border=\"bor:12px,12px,12px,12px;\"\n\t\t\t\t\t\t\t\tdata-frame_0=\"x:0,0,0px,0px;y:0,0,0px,0px;\"\n\t\t\t\t\t\t\t\tdata-frame_1=\"x:0,0,0px,0px;y:0,0,0px,0px;\"\n\t\t\t\t\t\t\t\tdata-frame_999=\"o:0;st:w;\"\n\t\t\t\t\t\t\t\tdata-frame_hover=\"c:#fff;bgc:#055b8f;bor:12px,12px,12px,12px;e:power1.inOut;\"\n\t\t\t\t\t\t\t\tstyle=\"z-index:13;background-color:#056B8F;font-family:'Poppins';\"\n\t\t\t\t\t\t\t><a href=\"https:\/\/www.cedem.me\/en\/news\/media-watchdog-terms-of-reference-2\/\" style=\"color:#fff;\">Read more<\/a> \n\t\t\t\t\t\t\t<\/rs-layer><!--\n\n\t\t\t\t\t\t\t--><rs-layer\n\t\t\t\t\t\t\t\tid=\"slider-14-slide-19423-layer-3\" \n\t\t\t\t\t\t\t\tclass=\"xs-rvs-box-shodow\"\n\t\t\t\t\t\t\t\tdata-type=\"text\"\n\t\t\t\t\t\t\t\tdata-rsp_ch=\"on\"\n\t\t\t\t\t\t\t\tdata-xy=\"x:c;y:m,b,b,t;yo:-117px,514px,589px,361px;\"\n\t\t\t\t\t\t\t\tdata-text=\"w:normal;s:40,40,40,31;l:77,77,77,59;fw:700,700,400,400;a:center;\"\n\t\t\t\t\t\t\t\tdata-dim=\"w:1064.99px,1064px,632.99px,447px;h:156px,156px,auto,auto;\"\n\t\t\t\t\t\t\t\tdata-frame_1=\"e:power4.inOut;sp:1500;\"\n\t\t\t\t\t\t\t\tdata-frame_999=\"o:0;st:w;sR:6590;\"\n\t\t\t\t\t\t\t\tstyle=\"z-index:12;font-family:'Merriweather';\"\n\t\t\t\t\t\t\t>MEDIA WATCHDOG - TERMS OF REFERENCE \n\t\t\t\t\t\t\t<\/rs-layer><!--\n\n\t\t\t\t\t\t\t--><rs-layer\n\t\t\t\t\t\t\t\tid=\"slider-14-slide-19423-layer-11\" \n\t\t\t\t\t\t\t\tclass=\"banner-overlay\"\n\t\t\t\t\t\t\t\tdata-type=\"text\"\n\t\t\t\t\t\t\t\tdata-rsp_ch=\"on\"\n\t\t\t\t\t\t\t\tdata-xy=\"xo:100px;yo:100px;\"\n\t\t\t\t\t\t\t\tdata-text=\"l:22;a:inherit;\"\n\t\t\t\t\t\t\t\tdata-frame_999=\"o:0;st:w;sR:8700;\"\n\t\t\t\t\t\t\t\tstyle=\"z-index:8;font-family:'Open Sans';\"\n\t\t\t\t\t\t\t> \n\t\t\t\t\t\t\t<\/rs-layer><!--\n-->\t\t\t\t\t<\/rs-slide>\n\t\t\t\t\t\t<rs-slide style=\"position: absolute;\" data-key=\"rs-19421\" data-title=\"TERMS OF REFERENCE Selection of an Expert for Social Media Management\" data-thumb=\"\/\/www.cedem.me\/wp-content\/uploads\/2021\/05\/shutterstock_1145757053-copy-100x50.png\" data-anim=\"ms:2000;e:slidingoverlay;\" data-in=\"y:-100%;\" class=\"xs-single-slider\">\n\t\t\t\t\t\t\t<img loading=\"lazy\" decoding=\"async\" src=\"\/\/www.cedem.me\/wp-content\/plugins\/revslider\/sr6\/assets\/assets\/dummy.png\" alt=\"\" title=\"shutterstock_1145757053 copy\" width=\"1920\" height=\"1011\" class=\"rev-slidebg tp-rs-img rs-lazyload\" data-lazyload=\"\/\/www.cedem.me\/wp-content\/uploads\/2021\/05\/shutterstock_1145757053-copy.png\" data-no-retina>\n<!--\n\t\t\t\t\t\t\t--><rs-layer\n\t\t\t\t\t\t\t\tid=\"slider-14-slide-19421-layer-0\" \n\t\t\t\t\t\t\t\tdata-type=\"shape\"\n\t\t\t\t\t\t\t\tdata-rsp_ch=\"on\"\n\t\t\t\t\t\t\t\tdata-xy=\"xo:-1615px,-1332px,-1012px,-624px;yo:-21px,-18px,-13px,-8px;\"\n\t\t\t\t\t\t\t\tdata-text=\"w:normal;s:20,16,12,7;l:0,20,15,9;\"\n\t\t\t\t\t\t\t\tdata-dim=\"w:3345px,2768px,2326px,1543px;h:2007px,1661px,1396px,926px;\"\n\t\t\t\t\t\t\t\tdata-frame_999=\"o:0;st:w;\"\n\t\t\t\t\t\t\t\tstyle=\"z-index:10;background-color:rgba(0,0,0,0.5);\"\n\t\t\t\t\t\t\t> \n\t\t\t\t\t\t\t<\/rs-layer><!--\n\n\t\t\t\t\t\t\t--><rs-layer\n\t\t\t\t\t\t\t\tid=\"slider-14-slide-19421-layer-1\" \n\t\t\t\t\t\t\t\tdata-type=\"text\"\n\t\t\t\t\t\t\t\tdata-rsp_ch=\"on\"\n\t\t\t\t\t\t\t\tdata-xy=\"xo:100px;yo:100px;\"\n\t\t\t\t\t\t\t\tdata-text=\"l:22;a:inherit;\"\n\t\t\t\t\t\t\t\tdata-frame_1=\"st:880;sp:1550;sR:880;\"\n\t\t\t\t\t\t\t\tdata-frame_999=\"o:0;st:w;sR:6570;\"\n\t\t\t\t\t\t\t\tstyle=\"z-index:9;font-family:'Open Sans';\"\n\t\t\t\t\t\t\t><div class=\"xs-overlay\"><\/div> \n\t\t\t\t\t\t\t<\/rs-layer><!--\n\n\t\t\t\t\t\t\t--><rs-layer\n\t\t\t\t\t\t\t\tid=\"slider-14-slide-19421-layer-2\" \n\t\t\t\t\t\t\t\tclass=\"rev-btn\"\n\t\t\t\t\t\t\t\tdata-type=\"button\"\n\t\t\t\t\t\t\t\tdata-rsp_ch=\"on\"\n\t\t\t\t\t\t\t\tdata-xy=\"x:c;xo:0,0,35px,0;yo:499px,519px,418px,601px;\"\n\t\t\t\t\t\t\t\tdata-text=\"w:normal;s:17,14,15,18;l:40,33,37,46;fw:500;\"\n\t\t\t\t\t\t\t\tdata-dim=\"minh:0px,none,none,none;\"\n\t\t\t\t\t\t\t\tdata-padding=\"t:10,8,9,12;r:60,50,56,72;b:10,8,9,12;l:60,50,56,72;\"\n\t\t\t\t\t\t\t\tdata-border=\"bor:12px,12px,12px,12px;\"\n\t\t\t\t\t\t\t\tdata-frame_0=\"x:0,0,0px,0px;y:0,0,0px,0px;\"\n\t\t\t\t\t\t\t\tdata-frame_1=\"x:0,0,0px,0px;y:0,0,0px,0px;\"\n\t\t\t\t\t\t\t\tdata-frame_999=\"o:0;st:w;\"\n\t\t\t\t\t\t\t\tdata-frame_hover=\"c:#fff;bgc:#055b8f;bor:12px,12px,12px,12px;e:power1.inOut;\"\n\t\t\t\t\t\t\t\tstyle=\"z-index:13;background-color:#056B8F;font-family:'Poppins';\"\n\t\t\t\t\t\t\t><a href=\"https:\/\/www.cedem.me\/en\/news\/media-watchdog-terms-of-reference\/\" style=\"color:#fff;\">Read more<\/a> \n\t\t\t\t\t\t\t<\/rs-layer><!--\n\n\t\t\t\t\t\t\t--><rs-layer\n\t\t\t\t\t\t\t\tid=\"slider-14-slide-19421-layer-3\" \n\t\t\t\t\t\t\t\tclass=\"xs-rvs-box-shodow\"\n\t\t\t\t\t\t\t\tdata-type=\"text\"\n\t\t\t\t\t\t\t\tdata-rsp_ch=\"on\"\n\t\t\t\t\t\t\t\tdata-xy=\"x:c;y:m,b,b,t;yo:-117px,514px,589px,361px;\"\n\t\t\t\t\t\t\t\tdata-text=\"w:normal;s:40,40,40,31;l:77,77,77,59;fw:700,700,400,400;a:center;\"\n\t\t\t\t\t\t\t\tdata-dim=\"w:1064.99px,1064px,632.99px,447px;h:156px,156px,auto,auto;\"\n\t\t\t\t\t\t\t\tdata-frame_1=\"e:power4.inOut;sp:1500;\"\n\t\t\t\t\t\t\t\tdata-frame_999=\"o:0;st:w;sR:6590;\"\n\t\t\t\t\t\t\t\tstyle=\"z-index:12;font-family:'Merriweather';\"\n\t\t\t\t\t\t\t>TERMS OF REFERENCE Selection of an Expert for Social Media Management \n\t\t\t\t\t\t\t<\/rs-layer><!--\n\n\t\t\t\t\t\t\t--><rs-layer\n\t\t\t\t\t\t\t\tid=\"slider-14-slide-19421-layer-11\" \n\t\t\t\t\t\t\t\tclass=\"banner-overlay\"\n\t\t\t\t\t\t\t\tdata-type=\"text\"\n\t\t\t\t\t\t\t\tdata-rsp_ch=\"on\"\n\t\t\t\t\t\t\t\tdata-xy=\"xo:100px;yo:100px;\"\n\t\t\t\t\t\t\t\tdata-text=\"l:22;a:inherit;\"\n\t\t\t\t\t\t\t\tdata-frame_999=\"o:0;st:w;sR:8700;\"\n\t\t\t\t\t\t\t\tstyle=\"z-index:8;font-family:'Open Sans';\"\n\t\t\t\t\t\t\t> \n\t\t\t\t\t\t\t<\/rs-layer><!--\n-->\t\t\t\t\t<\/rs-slide>\n\t\t\t\t\t<\/rs-slides>\n\t\t\t\t<\/rs-module>\n\t\t\t\t<script>\n\t\t\t\t\tsetREVStartSize({c: 'rev_slider_14_1',rl:[1240,1024,768,480],el:[980,980,940,870],gw:[1240,1024,778,480],gh:[980,980,940,870],type:'standard',justify:'',layout:'fullwidth',mh:\"0\"});if (window.RS_MODULES!==undefined && window.RS_MODULES.modules!==undefined && window.RS_MODULES.modules[\"revslider141\"]!==undefined) {window.RS_MODULES.modules[\"revslider141\"].once = false;window.revapi14 = undefined;if (window.RS_MODULES.checkMinimal!==undefined) window.RS_MODULES.checkMinimal()}\n\t\t\t\t<\/script>\n\t\t\t<\/rs-module-wrap>\n\t\t\t<!-- END REVOLUTION SLIDER -->\n<\/div>\n\t\t\t\t<\/div>\n\t\t\t\t<\/div>\n\t\t\t\t\t<\/div>\n\t\t<\/div>\n\t\t\t\t\t<\/div>\n\t\t<\/section>\n\t\t\t\t<section class=\"elementor-section elementor-top-section elementor-element elementor-element-7b4345e elementor-section-boxed elementor-section-height-default elementor-section-height-default\" data-id=\"7b4345e\" data-element_type=\"section\" data-settings=\"{&quot;ekit_has_onepagescroll_dot&quot;:&quot;yes&quot;}\">\n\t\t\t\t\t\t<div class=\"elementor-container elementor-column-gap-default\">\n\t\t\t\t\t<div class=\"elementor-column elementor-col-100 elementor-top-column elementor-element elementor-element-80b513a\" data-id=\"80b513a\" data-element_type=\"column\">\n\t\t\t<div class=\"elementor-widget-wrap elementor-element-populated\">\n\t\t\t\t\t\t<section class=\"elementor-section elementor-inner-section elementor-element elementor-element-db1faf6 elementor-section-boxed elementor-section-height-default elementor-section-height-default\" data-id=\"db1faf6\" data-element_type=\"section\" data-settings=\"{&quot;ekit_has_onepagescroll_dot&quot;:&quot;yes&quot;}\">\n\t\t\t\t\t\t<div class=\"elementor-container elementor-column-gap-default\">\n\t\t\t\t\t<div class=\"elementor-column elementor-col-25 elementor-inner-column elementor-element elementor-element-7d45a20\" data-id=\"7d45a20\" data-element_type=\"column\">\n\t\t\t<div class=\"elementor-widget-wrap elementor-element-populated\">\n\t\t\t\t\t\t<div class=\"elementor-element elementor-element-af537e4 banerHome feature-box-animation ekit-equal-height-disable elementor-invisible elementor-widget elementor-widget-elementskit-icon-box\" data-id=\"af537e4\" data-element_type=\"widget\" data-settings=\"{&quot;_animation&quot;:&quot;fadeInUp&quot;,&quot;_animation_delay&quot;:&quot;100&quot;,&quot;ekit_we_effect_on&quot;:&quot;none&quot;}\" data-widget_type=\"elementskit-icon-box.default\">\n\t\t\t\t<div class=\"elementor-widget-container\">\n\t\t\t<div class=\"ekit-wid-con\" >        <!-- link opening -->\n                <!-- end link opening -->\n\n        <div class=\"elementskit-infobox text-left text-left icon-top-align elementor-animation-   \">\n                            <div class=\"elementskit-box-header\">\n                <div class=\"elementskit-info-box-icon \">\n                    <img loading=\"lazy\" decoding=\"async\" width=\"51\" height=\"45\" src=\"https:\/\/www.cedem.me\/wp-content\/uploads\/2021\/05\/vladavina-prava-bijela.png\" class=\"attachment- size-\" alt=\"\" \/>                <\/div>\n          <\/div>\n                <div class=\"box-body\">\n                            <h3 class=\"elementskit-info-box-title\">\n                    Rule of law                <\/h3>\n                                                    <div class=\"box-footer enable_hover_btn\">\n                    <div class=\"btn-wraper\">\n                                                            <a href=\"\/en\/rule-of-law\/\"  target=\"_self\" rel=\"\" class=\"elementskit-btn whitespace--normal elementor-animation-\">\n                                        Read more\n                                        <i aria-hidden=\"true\" class=\"fas fa-arrow-right\"><\/i>\n                                    <\/a>\n                                                        <\/div>\n                <\/div>\n                    <\/div>\n        \n        \n                <\/div>\n        <\/div>\t\t<\/div>\n\t\t\t\t<\/div>\n\t\t\t\t\t<\/div>\n\t\t<\/div>\n\t\t\t\t<div class=\"elementor-column elementor-col-25 elementor-inner-column elementor-element elementor-element-f7b870a\" data-id=\"f7b870a\" data-element_type=\"column\">\n\t\t\t<div class=\"elementor-widget-wrap elementor-element-populated\">\n\t\t\t\t\t\t<div class=\"elementor-element elementor-element-2c76f15 banerHome feature-box-animation ekit-equal-height-disable elementor-invisible elementor-widget elementor-widget-elementskit-icon-box\" data-id=\"2c76f15\" data-element_type=\"widget\" data-settings=\"{&quot;_animation&quot;:&quot;fadeInUp&quot;,&quot;_animation_delay&quot;:&quot;100&quot;,&quot;ekit_we_effect_on&quot;:&quot;none&quot;}\" data-widget_type=\"elementskit-icon-box.default\">\n\t\t\t\t<div class=\"elementor-widget-container\">\n\t\t\t<div class=\"ekit-wid-con\" >        <!-- link opening -->\n                <!-- end link opening -->\n\n        <div class=\"elementskit-infobox text-left text-left icon-top-align elementor-animation-   \">\n                            <div class=\"elementskit-box-header\">\n                <div class=\"elementskit-info-box-icon \">\n                    <img loading=\"lazy\" decoding=\"async\" width=\"43\" height=\"43\" src=\"https:\/\/www.cedem.me\/wp-content\/uploads\/2021\/05\/2.png\" class=\"attachment- size-\" alt=\"\" \/>                <\/div>\n          <\/div>\n                <div class=\"box-body\">\n                            <h3 class=\"elementskit-info-box-title\">\n                    Human rights                <\/h3>\n                                                    <div class=\"box-footer enable_hover_btn\">\n                    <div class=\"btn-wraper\">\n                                                            <a href=\"\/en\/human-rights\/\"  target=\"_self\" rel=\"\" class=\"elementskit-btn whitespace--normal elementor-animation-\">\n                                        Read more\n                                        <i aria-hidden=\"true\" class=\"fas fa-arrow-right\"><\/i>\n                                    <\/a>\n                                                        <\/div>\n                <\/div>\n                    <\/div>\n        \n        \n                <\/div>\n        <\/div>\t\t<\/div>\n\t\t\t\t<\/div>\n\t\t\t\t\t<\/div>\n\t\t<\/div>\n\t\t\t\t<div class=\"elementor-column elementor-col-25 elementor-inner-column elementor-element elementor-element-660a5f6\" data-id=\"660a5f6\" data-element_type=\"column\">\n\t\t\t<div class=\"elementor-widget-wrap elementor-element-populated\">\n\t\t\t\t\t\t<div class=\"elementor-element elementor-element-0efc1d8 banerHome feature-box-animation ekit-equal-height-disable elementor-invisible elementor-widget elementor-widget-elementskit-icon-box\" data-id=\"0efc1d8\" data-element_type=\"widget\" data-settings=\"{&quot;_animation&quot;:&quot;fadeInUp&quot;,&quot;_animation_delay&quot;:&quot;150&quot;,&quot;ekit_we_effect_on&quot;:&quot;none&quot;}\" data-widget_type=\"elementskit-icon-box.default\">\n\t\t\t\t<div class=\"elementor-widget-container\">\n\t\t\t<div class=\"ekit-wid-con\" >        <!-- link opening -->\n                <!-- end link opening -->\n\n        <div class=\"elementskit-infobox text-left text-left icon-top-align elementor-animation-   \">\n                            <div class=\"elementskit-box-header\">\n                <div class=\"elementskit-info-box-icon \">\n                    <img loading=\"lazy\" decoding=\"async\" width=\"48\" height=\"48\" src=\"https:\/\/www.cedem.me\/wp-content\/uploads\/2021\/05\/3.png\" class=\"attachment- size-\" alt=\"\" \/>                <\/div>\n          <\/div>\n                <div class=\"box-body\">\n                            <h3 class=\"elementskit-info-box-title\">\n                    EU integration                <\/h3>\n                                                    <div class=\"box-footer enable_hover_btn\">\n                    <div class=\"btn-wraper\">\n                                                            <a href=\"\/en\/euro-atlantic-integration\/\"  target=\"_self\" rel=\"\" class=\"elementskit-btn whitespace--normal elementor-animation-\">\n                                        Read more\n                                        <i aria-hidden=\"true\" class=\"fas fa-arrow-right\"><\/i>\n                                    <\/a>\n                                                        <\/div>\n                <\/div>\n                    <\/div>\n        \n        \n                <\/div>\n        <\/div>\t\t<\/div>\n\t\t\t\t<\/div>\n\t\t\t\t\t<\/div>\n\t\t<\/div>\n\t\t\t\t<div class=\"elementor-column elementor-col-25 elementor-inner-column elementor-element elementor-element-0fefa0c\" data-id=\"0fefa0c\" data-element_type=\"column\">\n\t\t\t<div class=\"elementor-widget-wrap elementor-element-populated\">\n\t\t\t\t\t\t<div class=\"elementor-element elementor-element-a47bf54 banerHome feature-box-animation ekit-equal-height-disable elementor-invisible elementor-widget elementor-widget-elementskit-icon-box\" data-id=\"a47bf54\" data-element_type=\"widget\" data-settings=\"{&quot;_animation&quot;:&quot;fadeInUp&quot;,&quot;_animation_delay&quot;:&quot;200&quot;,&quot;ekit_we_effect_on&quot;:&quot;none&quot;}\" data-widget_type=\"elementskit-icon-box.default\">\n\t\t\t\t<div class=\"elementor-widget-container\">\n\t\t\t<div class=\"ekit-wid-con\" >        <!-- link opening -->\n                <!-- end link opening -->\n\n        <div class=\"elementskit-infobox text-left text-left icon-top-align elementor-animation-   \">\n                            <div class=\"elementskit-box-header\">\n                <div class=\"elementskit-info-box-icon \">\n                    <img loading=\"lazy\" decoding=\"async\" width=\"41\" height=\"45\" src=\"https:\/\/www.cedem.me\/wp-content\/uploads\/2021\/05\/4.png\" class=\"attachment- size-\" alt=\"\" \/>                <\/div>\n          <\/div>\n                <div class=\"box-body\">\n                            <h3 class=\"elementskit-info-box-title\">\n                    Public adminisration                <\/h3>\n                                                    <div class=\"box-footer enable_hover_btn\">\n                    <div class=\"btn-wraper\">\n                                                            <a href=\"\/en\/public-administration\/\"  target=\"_self\" rel=\"\" class=\"elementskit-btn whitespace--normal elementor-animation-\">\n                                        Read more\n                                        <i aria-hidden=\"true\" class=\"fas fa-arrow-right\"><\/i>\n                                    <\/a>\n                                                        <\/div>\n                <\/div>\n                    <\/div>\n        \n        \n                <\/div>\n        <\/div>\t\t<\/div>\n\t\t\t\t<\/div>\n\t\t\t\t\t<\/div>\n\t\t<\/div>\n\t\t\t\t\t<\/div>\n\t\t<\/section>\n\t\t\t\t\t<\/div>\n\t\t<\/div>\n\t\t\t\t\t<\/div>\n\t\t<\/section>\n\t\t\t\t<section class=\"elementor-section elementor-top-section elementor-element elementor-element-4123093 elementor-section-height-min-height elementor-section-items-top elementor-section-boxed elementor-section-height-default\" data-id=\"4123093\" data-element_type=\"section\" data-settings=\"{&quot;background_background&quot;:&quot;classic&quot;,&quot;ekit_has_onepagescroll_dot&quot;:&quot;yes&quot;}\">\n\t\t\t\t\t\t<div class=\"elementor-container elementor-column-gap-default\">\n\t\t\t\t\t<div class=\"elementor-column elementor-col-100 elementor-top-column elementor-element elementor-element-4c11200\" data-id=\"4c11200\" data-element_type=\"column\">\n\t\t\t<div class=\"elementor-widget-wrap elementor-element-populated\">\n\t\t\t\t\t\t<section class=\"elementor-section elementor-inner-section elementor-element elementor-element-5499308 elementor-section-content-middle elementor-section-boxed elementor-section-height-default elementor-section-height-default\" data-id=\"5499308\" data-element_type=\"section\" data-settings=\"{&quot;ekit_has_onepagescroll_dot&quot;:&quot;yes&quot;}\">\n\t\t\t\t\t\t<div class=\"elementor-container elementor-column-gap-no\">\n\t\t\t\t\t<div class=\"elementor-column elementor-col-33 elementor-inner-column elementor-element elementor-element-9cd823e\" data-id=\"9cd823e\" data-element_type=\"column\">\n\t\t\t<div class=\"elementor-widget-wrap elementor-element-populated\">\n\t\t\t\t\t\t<div class=\"elementor-element elementor-element-443cc0f elementor-widget elementor-widget-elementskit-heading\" data-id=\"443cc0f\" data-element_type=\"widget\" data-settings=\"{&quot;ekit_we_effect_on&quot;:&quot;none&quot;}\" data-widget_type=\"elementskit-heading.default\">\n\t\t\t\t<div class=\"elementor-widget-container\">\n\t\t\t<div class=\"ekit-wid-con\" ><div class=\"ekit-heading elementskit-section-title-wraper text_left   ekit_heading_tablet-text_center   ekit_heading_mobile-text_center\"><h2 class=\"ekit-heading--title elementskit-section-title \">Publications<\/h2><\/div><\/div>\t\t<\/div>\n\t\t\t\t<\/div>\n\t\t\t\t\t<\/div>\n\t\t<\/div>\n\t\t\t\t<div class=\"elementor-column elementor-col-33 elementor-inner-column elementor-element elementor-element-c5ceca5\" data-id=\"c5ceca5\" data-element_type=\"column\">\n\t\t\t<div class=\"elementor-widget-wrap\">\n\t\t\t\t\t\t\t<\/div>\n\t\t<\/div>\n\t\t\t\t<div class=\"elementor-column elementor-col-33 elementor-inner-column elementor-element elementor-element-2a6b7dc\" data-id=\"2a6b7dc\" data-element_type=\"column\">\n\t\t\t<div class=\"elementor-widget-wrap elementor-element-populated\">\n\t\t\t\t\t\t<div class=\"elementor-element elementor-element-4440652 elementor-hidden-desktop elementor-hidden-tablet elementor-widget elementor-widget-spacer\" data-id=\"4440652\" data-element_type=\"widget\" data-settings=\"{&quot;ekit_we_effect_on&quot;:&quot;none&quot;}\" data-widget_type=\"spacer.default\">\n\t\t\t\t<div class=\"elementor-widget-container\">\n\t\t\t\t\t<div class=\"elementor-spacer\">\n\t\t\t<div class=\"elementor-spacer-inner\"><\/div>\n\t\t<\/div>\n\t\t\t\t<\/div>\n\t\t\t\t<\/div>\n\t\t\t\t<div class=\"elementor-element elementor-element-aed20d3 elementor-widget elementor-widget-elementskit-button\" data-id=\"aed20d3\" data-element_type=\"widget\" data-settings=\"{&quot;ekit_we_effect_on&quot;:&quot;none&quot;}\" data-widget_type=\"elementskit-button.default\">\n\t\t\t\t<div class=\"elementor-widget-container\">\n\t\t\t<div class=\"ekit-wid-con\" >\t\t<div class=\"ekit-btn-wraper\">\n\t\t\t\t\t\t\t<a href=\"\/en\/research\/\" class=\"elementskit-btn  whitespace--normal\" id=\"\">\n\t\t\t\t\tRead more\t\t\t\t<\/a>\n\t\t\t\t\t<\/div>\n        <\/div>\t\t<\/div>\n\t\t\t\t<\/div>\n\t\t\t\t<div class=\"elementor-element elementor-element-db8da73 elementor-hidden-desktop elementor-hidden-tablet elementor-widget elementor-widget-spacer\" data-id=\"db8da73\" data-element_type=\"widget\" data-settings=\"{&quot;ekit_we_effect_on&quot;:&quot;none&quot;}\" data-widget_type=\"spacer.default\">\n\t\t\t\t<div class=\"elementor-widget-container\">\n\t\t\t\t\t<div class=\"elementor-spacer\">\n\t\t\t<div class=\"elementor-spacer-inner\"><\/div>\n\t\t<\/div>\n\t\t\t\t<\/div>\n\t\t\t\t<\/div>\n\t\t\t\t\t<\/div>\n\t\t<\/div>\n\t\t\t\t\t<\/div>\n\t\t<\/section>\n\t\t\t\t\t<\/div>\n\t\t<\/div>\n\t\t\t\t\t<\/div>\n\t\t<\/section>\n\t\t\t\t<section class=\"elementor-section elementor-top-section elementor-element elementor-element-1961c8e image_block_thumb elementor-section-boxed elementor-section-height-default elementor-section-height-default\" data-id=\"1961c8e\" data-element_type=\"section\" id=\"imageBlock\" data-settings=\"{&quot;ekit_has_onepagescroll_dot&quot;:&quot;yes&quot;}\">\n\t\t\t\t\t\t<div class=\"elementor-container elementor-column-gap-default\">\n\t\t\t\t\t<div class=\"elementor-column elementor-col-33 elementor-top-column elementor-element elementor-element-5b46ead\" data-id=\"5b46ead\" data-element_type=\"column\">\n\t\t\t<div class=\"elementor-widget-wrap elementor-element-populated\">\n\t\t\t\t\t\t<div class=\"elementor-element elementor-element-ce49e84 elementor-invisible elementor-widget elementor-widget-elementskit-image-box\" data-id=\"ce49e84\" data-element_type=\"widget\" data-settings=\"{&quot;_animation&quot;:&quot;fadeInUp&quot;,&quot;_animation_delay&quot;:&quot;150&quot;,&quot;ekit_we_effect_on&quot;:&quot;none&quot;}\" data-widget_type=\"elementskit-image-box.default\">\n\t\t\t\t<div class=\"elementor-widget-container\">\n\t\t\t<div class=\"ekit-wid-con\" >\n            <div class=\"elementskit-info-image-box ekit-image-box text-center floating-style\" >\n\n                \n                <div class=\"elementskit-box-header image-box-img-center\">\n\n                    <img loading=\"lazy\" decoding=\"async\" width=\"680\" height=\"601\" src=\"https:\/\/www.cedem.me\/wp-content\/uploads\/2022\/01\/fotka.jpg\" class=\"attachment-full size-full wp-image-14011\" alt=\"\" srcset=\"https:\/\/www.cedem.me\/wp-content\/uploads\/2022\/01\/fotka.jpg 680w, https:\/\/www.cedem.me\/wp-content\/uploads\/2022\/01\/fotka-300x265.jpg 300w\" sizes=\"(max-width: 680px) 100vw, 680px\" \/>\n                <\/div>\n                \n                <div class=\"elementskit-box-body ekit-image-box-body\">\n                    <div class=\"elementskit-box-content ekit-image-box-body-inner\">\n                                                <h3 class=\"elementskit-info-box-title\">\n\n                        Public policy studies\n                        \n                    <\/h3>\n                                                        <\/div>\n\n                                <div class=\"elementskit-box-footer\">\n                    <div class=\"box-footer\">\n                        <div class=\"btn-wraper\">\n                                                            <a href=\"\/en\/publikacije\/public-policy-studies\/\" class=\"elementskit-btn whitespace--normal\">\n                                    Read more                                <\/a>\n                                                    <\/div>\n                    <\/div>\n                <\/div>\n                            <\/div>\n            <\/div>\n    <\/div>\t\t<\/div>\n\t\t\t\t<\/div>\n\t\t\t\t\t<\/div>\n\t\t<\/div>\n\t\t\t\t<div class=\"elementor-column elementor-col-33 elementor-top-column elementor-element elementor-element-f7a750a\" data-id=\"f7a750a\" data-element_type=\"column\">\n\t\t\t<div class=\"elementor-widget-wrap elementor-element-populated\">\n\t\t\t\t\t\t<div class=\"elementor-element elementor-element-3aab81e elementor-invisible elementor-widget elementor-widget-elementskit-image-box\" data-id=\"3aab81e\" data-element_type=\"widget\" data-settings=\"{&quot;_animation&quot;:&quot;fadeInUp&quot;,&quot;ekit_we_effect_on&quot;:&quot;none&quot;}\" data-widget_type=\"elementskit-image-box.default\">\n\t\t\t\t<div class=\"elementor-widget-container\">\n\t\t\t<div class=\"ekit-wid-con\" >\n            <div class=\"elementskit-info-image-box ekit-image-box text-center floating-style\" >\n\n                \n                <div class=\"elementskit-box-header image-box-img-center\">\n\n                    <img loading=\"lazy\" decoding=\"async\" width=\"684\" height=\"573\" src=\"https:\/\/www.cedem.me\/wp-content\/uploads\/2022\/01\/fotka-2.jpg\" class=\"attachment-full size-full wp-image-14018\" alt=\"\" srcset=\"https:\/\/www.cedem.me\/wp-content\/uploads\/2022\/01\/fotka-2.jpg 684w, https:\/\/www.cedem.me\/wp-content\/uploads\/2022\/01\/fotka-2-300x251.jpg 300w\" sizes=\"(max-width: 684px) 100vw, 684px\" \/>\n                <\/div>\n                \n                <div class=\"elementskit-box-body ekit-image-box-body\">\n                    <div class=\"elementskit-box-content ekit-image-box-body-inner\">\n                                                <h3 class=\"elementskit-info-box-title\">\n\n                        Public opinion research\n                        \n                    <\/h3>\n                                                        <\/div>\n\n                                <div class=\"elementskit-box-footer\">\n                    <div class=\"box-footer\">\n                        <div class=\"btn-wraper\">\n                                                            <a href=\"\/en\/publikacije\/public-opinion-research\/\" class=\"elementskit-btn whitespace--normal\">\n                                    Read more                                <\/a>\n                                                    <\/div>\n                    <\/div>\n                <\/div>\n                            <\/div>\n            <\/div>\n    <\/div>\t\t<\/div>\n\t\t\t\t<\/div>\n\t\t\t\t\t<\/div>\n\t\t<\/div>\n\t\t\t\t<div class=\"elementor-column elementor-col-33 elementor-top-column elementor-element elementor-element-3143b73\" data-id=\"3143b73\" data-element_type=\"column\">\n\t\t\t<div class=\"elementor-widget-wrap elementor-element-populated\">\n\t\t\t\t\t\t<div class=\"elementor-element elementor-element-86d6d1d elementor-invisible elementor-widget elementor-widget-elementskit-image-box\" data-id=\"86d6d1d\" data-element_type=\"widget\" data-settings=\"{&quot;_animation&quot;:&quot;fadeInUp&quot;,&quot;_animation_delay&quot;:&quot;200&quot;,&quot;ekit_we_effect_on&quot;:&quot;none&quot;}\" data-widget_type=\"elementskit-image-box.default\">\n\t\t\t\t<div class=\"elementor-widget-container\">\n\t\t\t<div class=\"ekit-wid-con\" >\n            <div class=\"elementskit-info-image-box ekit-image-box text-center floating-style\" >\n\n                \n                <div class=\"elementskit-box-header image-box-img-center\">\n\n                    <img loading=\"lazy\" decoding=\"async\" width=\"605\" height=\"605\" src=\"https:\/\/www.cedem.me\/wp-content\/uploads\/2022\/01\/fotka-3.jpg\" class=\"attachment-full size-full wp-image-14021\" alt=\"\" srcset=\"https:\/\/www.cedem.me\/wp-content\/uploads\/2022\/01\/fotka-3.jpg 605w, https:\/\/www.cedem.me\/wp-content\/uploads\/2022\/01\/fotka-3-300x300.jpg 300w, https:\/\/www.cedem.me\/wp-content\/uploads\/2022\/01\/fotka-3-150x150.jpg 150w\" sizes=\"(max-width: 605px) 100vw, 605px\" \/>\n                <\/div>\n                \n                <div class=\"elementskit-box-body ekit-image-box-body\">\n                    <div class=\"elementskit-box-content ekit-image-box-body-inner\">\n                                                <h3 class=\"elementskit-info-box-title\">\n\n                        Political public opinion\n                        \n                    <\/h3>\n                                                        <\/div>\n\n                                <div class=\"elementskit-box-footer\">\n                    <div class=\"box-footer\">\n                        <div class=\"btn-wraper\">\n                                                            <a href=\"\/en\/publikacije\/political-public-opinion\/\" class=\"elementskit-btn whitespace--normal\">\n                                    Read more                                <\/a>\n                                                    <\/div>\n                    <\/div>\n                <\/div>\n                            <\/div>\n            <\/div>\n    <\/div>\t\t<\/div>\n\t\t\t\t<\/div>\n\t\t\t\t\t<\/div>\n\t\t<\/div>\n\t\t\t\t\t<\/div>\n\t\t<\/section>\n\t\t\t\t<section class=\"elementor-section elementor-top-section elementor-element elementor-element-7ee3ad3 news_arrow elementor-section-boxed elementor-section-height-default elementor-section-height-default\" data-id=\"7ee3ad3\" data-element_type=\"section\" data-settings=\"{&quot;background_background&quot;:&quot;classic&quot;,&quot;ekit_has_onepagescroll_dot&quot;:&quot;yes&quot;}\">\n\t\t\t\t\t\t<div class=\"elementor-container elementor-column-gap-default\">\n\t\t\t\t\t<div class=\"elementor-column elementor-col-100 elementor-top-column elementor-element elementor-element-df7e459\" data-id=\"df7e459\" data-element_type=\"column\">\n\t\t\t<div class=\"elementor-widget-wrap elementor-element-populated\">\n\t\t\t\t\t\t<section class=\"elementor-section elementor-inner-section elementor-element elementor-element-dad168b elementor-section-boxed elementor-section-height-default elementor-section-height-default\" data-id=\"dad168b\" data-element_type=\"section\" data-settings=\"{&quot;ekit_has_onepagescroll_dot&quot;:&quot;yes&quot;}\">\n\t\t\t\t\t\t<div class=\"elementor-container elementor-column-gap-default\">\n\t\t\t\t\t<div class=\"elementor-column elementor-col-100 elementor-inner-column elementor-element elementor-element-ff5a7d0\" data-id=\"ff5a7d0\" data-element_type=\"column\">\n\t\t\t<div class=\"elementor-widget-wrap elementor-element-populated\">\n\t\t\t\t\t\t<div class=\"elementor-element elementor-element-4bfb56d elementor-widget elementor-widget-elementskit-heading\" data-id=\"4bfb56d\" data-element_type=\"widget\" data-settings=\"{&quot;ekit_we_effect_on&quot;:&quot;none&quot;}\" data-widget_type=\"elementskit-heading.default\">\n\t\t\t\t<div class=\"elementor-widget-container\">\n\t\t\t<div class=\"ekit-wid-con\" ><div class=\"ekit-heading elementskit-section-title-wraper text_center   ekit_heading_tablet-   ekit_heading_mobile-\"><h2 class=\"ekit-heading--title elementskit-section-title \">Latest news<\/h2><\/div><\/div>\t\t<\/div>\n\t\t\t\t<\/div>\n\t\t\t\t\t<\/div>\n\t\t<\/div>\n\t\t\t\t\t<\/div>\n\t\t<\/section>\n\t\t\t\t<div class=\"elementor-element elementor-element-bfe7067 animated-slow blog-no-hover elementor-invisible elementor-widget elementor-widget-elementskit-blog-posts\" data-id=\"bfe7067\" data-element_type=\"widget\" id=\"blogHome\" data-settings=\"{&quot;_animation&quot;:&quot;fadeInUp&quot;,&quot;ekit_we_effect_on&quot;:&quot;none&quot;}\" data-widget_type=\"elementskit-blog-posts.default\">\n\t\t\t\t<div class=\"elementor-widget-container\">\n\t\t\t<div class=\"ekit-wid-con\" >\n        <div id=\"post-items--bfe7067\" class=\"row post-items ekit-blog-posts-content wihout-masonry \" data-enable=\"no\">\n\n\t\t\t<!-- Blog Carousel markup render -->\n\t\t\t\n\n            <div class=\"col-lg-4 col-md-6\">\n\n                                    <div class=\"elementskit-post-image-card\">\n                        <div class=\"elementskit-entry-header\">\n                                                            <a href=\"https:\/\/www.cedem.me\/en\/news\/understanding-hate-building-stronger-foundations-for-our-communities\/\" class=\"elementskit-entry-thumb\">\n                                    <img decoding=\"async\" src=\"https:\/\/www.cedem.me\/wp-content\/uploads\/2026\/03\/Fotografija-1-350x250.jpg\" alt=\"Understanding hate, building stronger foundations for our communities\">\n                                <\/a><!-- .elementskit-entry-thumb END -->\n                                                            \n                            \n                                                    <\/div><!-- .elementskit-entry-header END -->\n\n                        <div class=\"elementskit-post-body \">\n                            \n                                                                                                                <div class=\"post-meta-list\">\n                                                                                                <span class=\"meta-date\">\n\n                                <i aria-hidden=\"true\" class=\"icon icon-calendar3\"><\/i>\n                                <span class=\"meta-date-text\">\n                                    March 24, 2026                                <\/span>\n                            <\/span>\n                                                                                                            <\/div>\n                                                                        \n                                        \n                                                                                                <h2 class=\"entry-title\">\n                    <a href=\"https:\/\/www.cedem.me\/en\/news\/understanding-hate-building-stronger-foundations-for-our-communities\/\">\n                            Understanding hate, building stronger foundations for our communities                    <\/a>\n                <\/h2>\n                                                                                                                                                                                                    <\/div><!-- .elementskit-post-body END -->\n                    <\/div>\n                \n            <\/div>\t\t\t\t\n\n            <div class=\"col-lg-4 col-md-6\">\n\n                                    <div class=\"elementskit-post-image-card\">\n                        <div class=\"elementskit-entry-header\">\n                                                            <a href=\"https:\/\/www.cedem.me\/en\/media-watchdog-en\/toolkit-for-journalists-and-the-judiciary-confronting-artificial-intelligence\/\" class=\"elementskit-entry-thumb\">\n                                    <img decoding=\"async\" src=\"https:\/\/www.cedem.me\/wp-content\/uploads\/2023\/12\/9-350x250.png\" alt=\"Toolkit for Journalists and the Judiciary &#8211; Confronting Artificial Intelligence\">\n                                <\/a><!-- .elementskit-entry-thumb END -->\n                                                            \n                            \n                                                    <\/div><!-- .elementskit-entry-header END -->\n\n                        <div class=\"elementskit-post-body \">\n                            \n                                                                                                                <div class=\"post-meta-list\">\n                                                                                                <span class=\"meta-date\">\n\n                                <i aria-hidden=\"true\" class=\"icon icon-calendar3\"><\/i>\n                                <span class=\"meta-date-text\">\n                                    November 5, 2025                                <\/span>\n                            <\/span>\n                                                                                                            <\/div>\n                                                                        \n                                        \n                                                                                                <h2 class=\"entry-title\">\n                    <a href=\"https:\/\/www.cedem.me\/en\/media-watchdog-en\/toolkit-for-journalists-and-the-judiciary-confronting-artificial-intelligence\/\">\n                            Toolkit for Journalists and the Judiciary &#8211; Confronting Artificial Intelligence                    <\/a>\n                <\/h2>\n                                                                                                                                                                                                    <\/div><!-- .elementskit-post-body END -->\n                    <\/div>\n                \n            <\/div>\t\t\t\t\n\n            <div class=\"col-lg-4 col-md-6\">\n\n                                    <div class=\"elementskit-post-image-card\">\n                        <div class=\"elementskit-entry-header\">\n                                                            <a href=\"https:\/\/www.cedem.me\/en\/news\/political-public-opinion-in-montenegro-september-2025\/\" class=\"elementskit-entry-thumb\">\n                                    <img decoding=\"async\" src=\"https:\/\/www.cedem.me\/wp-content\/uploads\/2025\/10\/DSC00825-350x250.jpg\" alt=\"Political Public Opinion in Montenegro, September 2025\">\n                                <\/a><!-- .elementskit-entry-thumb END -->\n                                                            \n                            \n                                                    <\/div><!-- .elementskit-entry-header END -->\n\n                        <div class=\"elementskit-post-body \">\n                            \n                                                                                                                <div class=\"post-meta-list\">\n                                                                                                <span class=\"meta-date\">\n\n                                <i aria-hidden=\"true\" class=\"icon icon-calendar3\"><\/i>\n                                <span class=\"meta-date-text\">\n                                    October 16, 2025                                <\/span>\n                            <\/span>\n                                                                                                            <\/div>\n                                                                        \n                                        \n                                                                                                <h2 class=\"entry-title\">\n                    <a href=\"https:\/\/www.cedem.me\/en\/news\/political-public-opinion-in-montenegro-september-2025\/\">\n                            Political Public Opinion in Montenegro, September 2025                    <\/a>\n                <\/h2>\n                                                                                                                                                                                                    <\/div><!-- .elementskit-post-body END -->\n                    <\/div>\n                \n            <\/div>\t\t\t\t\n\n            <div class=\"col-lg-4 col-md-6\">\n\n                                    <div class=\"elementskit-post-image-card\">\n                        <div class=\"elementskit-entry-header\">\n                            \n                            \n                                                    <\/div><!-- .elementskit-entry-header END -->\n\n                        <div class=\"elementskit-post-body \">\n                            \n                                                                                                                <div class=\"post-meta-list\">\n                                                                                                <span class=\"meta-date\">\n\n                                <i aria-hidden=\"true\" class=\"icon icon-calendar3\"><\/i>\n                                <span class=\"meta-date-text\">\n                                    January 15, 2025                                <\/span>\n                            <\/span>\n                                                                                                            <\/div>\n                                                                        \n                                        \n                                                                                                <h2 class=\"entry-title\">\n                    <a href=\"https:\/\/www.cedem.me\/en\/news\/second-year-of-the-project-annoucmnet\/\">\n                            SECOND YEAR OF THE PROJECT ANNOUCMNET                    <\/a>\n                <\/h2>\n                                                                                                                                                                                                    <\/div><!-- .elementskit-post-body END -->\n                    <\/div>\n                \n            <\/div>\t\t\t\t\n\n            <div class=\"col-lg-4 col-md-6\">\n\n                                    <div class=\"elementskit-post-image-card\">\n                        <div class=\"elementskit-entry-header\">\n                                                            <a href=\"https:\/\/www.cedem.me\/en\/news\/training-for-media-professionals-held\/\" class=\"elementskit-entry-thumb\">\n                                    <img decoding=\"async\" src=\"https:\/\/www.cedem.me\/wp-content\/uploads\/2025\/02\/0-02-05-7776cd83dd0df2213e26ec36e1b0ee7f3d1c46501757c7346fb14885c9467c54_21fff9f76bf-350x250.png\" alt=\"TRAINING FOR MEDIA PROFESSIONALS HELD\">\n                                <\/a><!-- .elementskit-entry-thumb END -->\n                                                            \n                            \n                                                    <\/div><!-- .elementskit-entry-header END -->\n\n                        <div class=\"elementskit-post-body \">\n                            \n                                                                                                                <div class=\"post-meta-list\">\n                                                                                                <span class=\"meta-date\">\n\n                                <i aria-hidden=\"true\" class=\"icon icon-calendar3\"><\/i>\n                                <span class=\"meta-date-text\">\n                                    November 6, 2024                                <\/span>\n                            <\/span>\n                                                                                                            <\/div>\n                                                                        \n                                        \n                                                                                                <h2 class=\"entry-title\">\n                    <a href=\"https:\/\/www.cedem.me\/en\/news\/training-for-media-professionals-held\/\">\n                            TRAINING FOR MEDIA PROFESSIONALS HELD                    <\/a>\n                <\/h2>\n                                                                                                                                                                                                    <\/div><!-- .elementskit-post-body END -->\n                    <\/div>\n                \n            <\/div>\t\t\t\t\n\n            <div class=\"col-lg-4 col-md-6\">\n\n                                    <div class=\"elementskit-post-image-card\">\n                        <div class=\"elementskit-entry-header\">\n                                                            <a href=\"https:\/\/www.cedem.me\/en\/news\/we-present-you-visual-identity-of-the-project\/\" class=\"elementskit-entry-thumb\">\n                                    <img decoding=\"async\" src=\"https:\/\/www.cedem.me\/wp-content\/uploads\/2025\/02\/Certificate-9-6-350x250.jpg\" alt=\"We present you visual identity of the project\">\n                                <\/a><!-- .elementskit-entry-thumb END -->\n                                                            \n                            \n                                                    <\/div><!-- .elementskit-entry-header END -->\n\n                        <div class=\"elementskit-post-body \">\n                            \n                                                                                                                <div class=\"post-meta-list\">\n                                                                                                <span class=\"meta-date\">\n\n                                <i aria-hidden=\"true\" class=\"icon icon-calendar3\"><\/i>\n                                <span class=\"meta-date-text\">\n                                    October 20, 2024                                <\/span>\n                            <\/span>\n                                                                                                            <\/div>\n                                                                        \n                                        \n                                                                                                <h2 class=\"entry-title\">\n                    <a href=\"https:\/\/www.cedem.me\/en\/news\/we-present-you-visual-identity-of-the-project\/\">\n                            We present you visual identity of the project                    <\/a>\n                <\/h2>\n                                                                                                                                                                                                    <\/div><!-- .elementskit-post-body END -->\n                    <\/div>\n                \n            <\/div>\t\t\t\t        <\/div>\n        \n        \n        <\/div>\t\t<\/div>\n\t\t\t\t<\/div>\n\t\t\t\t\t<\/div>\n\t\t<\/div>\n\t\t\t\t\t<\/div>\n\t\t<\/section>\n\t\t\t\t<section class=\"elementor-section elementor-top-section elementor-element elementor-element-06d9f97 elementor-hidden-desktop elementor-hidden-tablet elementor-hidden-mobile elementor-section-boxed elementor-section-height-default elementor-section-height-default\" data-id=\"06d9f97\" data-element_type=\"section\" data-settings=\"{&quot;background_background&quot;:&quot;classic&quot;,&quot;ekit_has_onepagescroll_dot&quot;:&quot;yes&quot;}\">\n\t\t\t\t\t\t<div class=\"elementor-container elementor-column-gap-default\">\n\t\t\t\t\t<div class=\"elementor-column elementor-col-33 elementor-top-column elementor-element elementor-element-b221e36\" data-id=\"b221e36\" data-element_type=\"column\">\n\t\t\t<div class=\"elementor-widget-wrap elementor-element-populated\">\n\t\t\t\t\t\t<div class=\"elementor-element elementor-element-237d264 elementor-widget elementor-widget-image\" data-id=\"237d264\" data-element_type=\"widget\" data-settings=\"{&quot;ekit_we_effect_on&quot;:&quot;none&quot;}\" data-widget_type=\"image.default\">\n\t\t\t\t<div class=\"elementor-widget-container\">\n\t\t\t\t\t\t\t\t\t\t\t\t\t<img loading=\"lazy\" decoding=\"async\" width=\"455\" height=\"365\" src=\"https:\/\/www.cedem.me\/wp-content\/uploads\/2021\/05\/shutterstock_1168153111.png\" class=\"attachment-full size-full wp-image-6245\" alt=\"\" srcset=\"https:\/\/www.cedem.me\/wp-content\/uploads\/2021\/05\/shutterstock_1168153111.png 455w, https:\/\/www.cedem.me\/wp-content\/uploads\/2021\/05\/shutterstock_1168153111-300x241.png 300w\" sizes=\"(max-width: 455px) 100vw, 455px\" \/>\t\t\t\t\t\t\t\t\t\t\t\t\t<\/div>\n\t\t\t\t<\/div>\n\t\t\t\t<div class=\"elementor-element elementor-element-0f7a4f0 elementor-absolute elementor-view-default elementor-widget elementor-widget-icon\" data-id=\"0f7a4f0\" data-element_type=\"widget\" data-settings=\"{&quot;_position&quot;:&quot;absolute&quot;,&quot;ekit_we_effect_on&quot;:&quot;none&quot;}\" data-widget_type=\"icon.default\">\n\t\t\t\t<div class=\"elementor-widget-container\">\n\t\t\t\t\t<div class=\"elementor-icon-wrapper\">\n\t\t\t<div class=\"elementor-icon\">\n\t\t\t<i aria-hidden=\"true\" class=\"fas fa-quote-left\"><\/i>\t\t\t<\/div>\n\t\t<\/div>\n\t\t\t\t<\/div>\n\t\t\t\t<\/div>\n\t\t\t\t\t<\/div>\n\t\t<\/div>\n\t\t\t\t<div class=\"elementor-column elementor-col-66 elementor-top-column elementor-element elementor-element-080cb99\" data-id=\"080cb99\" data-element_type=\"column\">\n\t\t\t<div class=\"elementor-widget-wrap elementor-element-populated\">\n\t\t\t\t\t\t<div class=\"elementor-element elementor-element-e9f3de6 elementor-widget elementor-widget-elementskit-heading\" data-id=\"e9f3de6\" data-element_type=\"widget\" data-settings=\"{&quot;ekit_we_effect_on&quot;:&quot;none&quot;}\" data-widget_type=\"elementskit-heading.default\">\n\t\t\t\t<div class=\"elementor-widget-container\">\n\t\t\t<div class=\"ekit-wid-con\" ><div class=\"ekit-heading elementskit-section-title-wraper text_left   ekit_heading_tablet-text_center   ekit_heading_mobile-text_center\"><h2 class=\"ekit-heading--title elementskit-section-title \">Istra\u017ei o Cedemu<\/h2>\t\t\t\t<div class='ekit-heading__description'>\n\t\t\t\t\t<p>CEDEM je NVO osnovana kao neprofitna asocijacija gra\u0111ana sa ciljem da unaprijedi i pro\u0161iri svijest o va\u017enosti pravilne i uspje\u0161ne tranzicije; da istra\u017euje....<\/p>\n<p>\u00a0<\/p>\n\t\t\t\t<\/div>\n\t\t\t<\/div><\/div>\t\t<\/div>\n\t\t\t\t<\/div>\n\t\t\t\t<section class=\"elementor-section elementor-inner-section elementor-element elementor-element-cfa30c3 elementor-section-boxed elementor-section-height-default elementor-section-height-default\" data-id=\"cfa30c3\" data-element_type=\"section\" data-settings=\"{&quot;ekit_has_onepagescroll_dot&quot;:&quot;yes&quot;}\">\n\t\t\t\t\t\t<div class=\"elementor-container elementor-column-gap-default\">\n\t\t\t\t\t<div class=\"elementor-column elementor-col-50 elementor-inner-column elementor-element elementor-element-9d68623\" data-id=\"9d68623\" data-element_type=\"column\">\n\t\t\t<div class=\"elementor-widget-wrap elementor-element-populated\">\n\t\t\t\t\t\t<div class=\"elementor-element elementor-element-4f1dbad elementor-widget elementor-widget-image\" data-id=\"4f1dbad\" data-element_type=\"widget\" data-settings=\"{&quot;ekit_we_effect_on&quot;:&quot;none&quot;}\" data-widget_type=\"image.default\">\n\t\t\t\t<div class=\"elementor-widget-container\">\n\t\t\t\t\t\t\t\t\t\t\t\t\t<img loading=\"lazy\" decoding=\"async\" width=\"51\" height=\"45\" src=\"https:\/\/www.cedem.me\/wp-content\/uploads\/2021\/05\/ccc.png\" class=\"attachment-full size-full wp-image-6451\" alt=\"\" \/>\t\t\t\t\t\t\t\t\t\t\t\t\t<\/div>\n\t\t\t\t<\/div>\n\t\t\t\t\t<\/div>\n\t\t<\/div>\n\t\t\t\t<div class=\"elementor-column elementor-col-50 elementor-inner-column elementor-element elementor-element-b8285fd\" data-id=\"b8285fd\" data-element_type=\"column\">\n\t\t\t<div class=\"elementor-widget-wrap elementor-element-populated\">\n\t\t\t\t\t\t<div class=\"elementor-element elementor-element-6056deb elementor-widget elementor-widget-text-editor\" data-id=\"6056deb\" data-element_type=\"widget\" data-settings=\"{&quot;ekit_we_effect_on&quot;:&quot;none&quot;}\" data-widget_type=\"text-editor.default\">\n\t\t\t\t<div class=\"elementor-widget-container\">\n\t\t\t\t\t\t\t<p>Lorem ipsum is simply dummy text of the printing and typesetting industry. Lorem Ipsum has been the industry&#8217;s standard dummy text ever since the 1500s.<\/p>\t\t\t\t\t\t<\/div>\n\t\t\t\t<\/div>\n\t\t\t\t\t<\/div>\n\t\t<\/div>\n\t\t\t\t\t<\/div>\n\t\t<\/section>\n\t\t\t\t<section class=\"elementor-section elementor-inner-section elementor-element elementor-element-d3f2826 elementor-section-boxed elementor-section-height-default elementor-section-height-default\" data-id=\"d3f2826\" data-element_type=\"section\" data-settings=\"{&quot;ekit_has_onepagescroll_dot&quot;:&quot;yes&quot;}\">\n\t\t\t\t\t\t<div class=\"elementor-container elementor-column-gap-default\">\n\t\t\t\t\t<div class=\"elementor-column elementor-col-50 elementor-inner-column elementor-element elementor-element-411b9c2\" data-id=\"411b9c2\" data-element_type=\"column\">\n\t\t\t<div class=\"elementor-widget-wrap elementor-element-populated\">\n\t\t\t\t\t\t<div class=\"elementor-element elementor-element-a475b66 elementor-widget elementor-widget-image\" data-id=\"a475b66\" data-element_type=\"widget\" data-settings=\"{&quot;ekit_we_effect_on&quot;:&quot;none&quot;}\" data-widget_type=\"image.default\">\n\t\t\t\t<div class=\"elementor-widget-container\">\n\t\t\t\t\t\t\t\t\t\t\t\t\t<img loading=\"lazy\" decoding=\"async\" width=\"54\" height=\"59\" src=\"https:\/\/www.cedem.me\/wp-content\/uploads\/2019\/07\/jb-4.png\" class=\"attachment-large size-large wp-image-1976\" alt=\"\" \/>\t\t\t\t\t\t\t\t\t\t\t\t\t<\/div>\n\t\t\t\t<\/div>\n\t\t\t\t\t<\/div>\n\t\t<\/div>\n\t\t\t\t<div class=\"elementor-column elementor-col-50 elementor-inner-column elementor-element elementor-element-ece89e1\" data-id=\"ece89e1\" data-element_type=\"column\">\n\t\t\t<div class=\"elementor-widget-wrap elementor-element-populated\">\n\t\t\t\t\t\t<div class=\"elementor-element elementor-element-1f9abaa elementor-widget elementor-widget-text-editor\" data-id=\"1f9abaa\" data-element_type=\"widget\" data-settings=\"{&quot;ekit_we_effect_on&quot;:&quot;none&quot;}\" data-widget_type=\"text-editor.default\">\n\t\t\t\t<div class=\"elementor-widget-container\">\n\t\t\t\t\t\t\t<p>Lorem ipsum is simply dummy text of the printing and typesetting industry. Lorem Ipsum has been the industry&#8217;s standard dummy text ever since the 1500s.<\/p><p>\u00a0<\/p>\t\t\t\t\t\t<\/div>\n\t\t\t\t<\/div>\n\t\t\t\t\t<\/div>\n\t\t<\/div>\n\t\t\t\t\t<\/div>\n\t\t<\/section>\n\t\t\t\t\t<\/div>\n\t\t<\/div>\n\t\t\t\t\t<\/div>\n\t\t<\/section>\n\t\t\t\t<section class=\"elementor-section elementor-top-section elementor-element elementor-element-bfb8436 elementor-section-full_width elementor-hidden-tablet elementor-hidden-phone elementor-section-height-default elementor-section-height-default\" data-id=\"bfb8436\" data-element_type=\"section\" data-settings=\"{&quot;ekit_has_onepagescroll_dot&quot;:&quot;yes&quot;}\">\n\t\t\t\t\t\t<div class=\"elementor-container elementor-column-gap-no\">\n\t\t\t\t\t<div class=\"elementor-column elementor-col-100 elementor-top-column elementor-element elementor-element-531a6cf\" data-id=\"531a6cf\" data-element_type=\"column\">\n\t\t\t<div class=\"elementor-widget-wrap elementor-element-populated\">\n\t\t\t\t\t\t<div class=\"elementor-element elementor-element-386a3e0 elementor-widget elementor-widget-blo-case-sdudy\" data-id=\"386a3e0\" data-element_type=\"widget\" data-settings=\"{&quot;ekit_we_effect_on&quot;:&quot;none&quot;}\" data-widget_type=\"blo-case-sdudy.default\">\n\t\t\t\t<div class=\"elementor-widget-container\">\n\t\t\t        <div class=\"xs-main-case-slider\">\n    \n\n<div class=\"tab-content\" id=\"tab_69f5957ca088a\">\n\n    \n    <div class=\"tab-pane active show\" id=\"tab-1_386a3e0\" aria-labelledby=\"xs-tab-1_386a3e0\">\n                <div class=\"case-bg\" style=\"background-image: url(https:\/\/www.cedem.me\/wp-content\/uploads\/2021\/05\/jodiiiicaaaaaaaaa.jpg);\"><\/div>\n            <\/div>\n   \n    <div class=\"tab-pane \" id=\"tab-2_386a3e0\" aria-labelledby=\"xs-tab-2_386a3e0\">\n                <div class=\"case-bg\" style=\"background-image: url(https:\/\/www.cedem.me\/wp-content\/uploads\/2021\/05\/jodiiiicaaaaaaaaa2.jpg);\"><\/div>\n            <\/div>\n   \n    <div class=\"tab-pane \" id=\"tab-3_386a3e0\" aria-labelledby=\"xs-tab-3_386a3e0\">\n                <div class=\"case-bg\" style=\"background-image: url(https:\/\/www.cedem.me\/wp-content\/uploads\/2021\/05\/jodiiiicaaaaaaaaa3.jpg);\"><\/div>\n            <\/div>\n   \n    <div class=\"tab-pane \" id=\"tab-4_386a3e0\" aria-labelledby=\"xs-tab-4_386a3e0\">\n                <div class=\"case-bg\" style=\"background-image: url(https:\/\/www.cedem.me\/wp-content\/uploads\/2021\/05\/jodiiiicaaaaaaaaa4.jpg);\"><\/div>\n            <\/div>\n   <\/div>\n\n\n<ul class=\"nav   xs-case-nav-slider\">\n\n    \n    <li class=\"nav-item active \">\n                    <a class=\"nav-link active\" id=\"xs-tab-1_386a3e0\" data-toggle=\"tab\" href=\"#tab-1_386a3e0\" aria-controls=\"tab-1_386a3e0\" data-href=\"https:\/\/www.cedem.me\/en\/case-categories\/medijski-centar-za-izvjestavanje-o-zivotnoj-sredini\/\">\n                <span>Political and civic participation of young people<\/span>                <span><i class=\"fa fa-chevron-right\"><\/i>Read more<\/span>\n            <\/a>\n                        <div class=\"study-box ekit-wid-con\">\n            <i class=\"\"><\/i>\n            <div class=\"count-no\"><\/div>\n            <h5>Political and civic participation of young people<\/h5>            \n                <p>The project &#8220;Political and civic participation of young people&#8221; was created based on one of the six key priorities defined by the current Strategy for Youth &#8211; young active citizens are involved, motivated, proactive and participate in decision-making processes, community development, policy making and implementation. projects dedicated to strengthening the competencies of young people to [&hellip;] <\/p>\n          \n        <\/div><!-- end case study box -->\n    <\/li>\n\n    \n    <li class=\"nav-item  \">\n                    <a class=\"nav-link \" id=\"xs-tab-2_386a3e0\" data-toggle=\"tab\" href=\"#tab-2_386a3e0\" aria-controls=\"tab-2_386a3e0\" data-href=\"https:\/\/www.cedem.me\/en\/case-categories\/statistika-centra-za-pracenje-podataka-i-analize-nesta\/\">\n                <span>Vox Populi &#8211; implementing better choices<\/span>                <span><i class=\"fa fa-chevron-right\"><\/i>Read more<\/span>\n            <\/a>\n                        <div class=\"study-box ekit-wid-con\">\n            <i class=\"\"><\/i>\n            <div class=\"count-no\"><\/div>\n            <h5>Vox Populi &#8211; implementing better choices<\/h5>            \n                <p>Montenegro faces social and political challenges and, for the first time, requires democratic roadmaps. In order to contribute to strengthening the accountability, transparency and consolidation of democratic institutions, CEDEM has developed the project &#8220;Vox populi &#8211; Implementation of better elections&#8221;. The project will identify and measure citizens&#8217; perceptions and attitudes on key issues of reform [&hellip;] <\/p>\n          \n        <\/div><!-- end case study box -->\n    <\/li>\n\n    \n    <li class=\"nav-item  \">\n                    <a class=\"nav-link \" id=\"xs-tab-3_386a3e0\" data-toggle=\"tab\" href=\"#tab-3_386a3e0\" aria-controls=\"tab-3_386a3e0\" data-href=\"https:\/\/www.cedem.me\/en\/case-categories\/diagnosis-and-therapy-of-freedom-of-expression-hate-speech-and-ethnic-tensions\/\">\n                <span>Diagnosis and therapy of freedom of expression, hate speech and ethnic tensions<\/span>                <span><i class=\"fa fa-chevron-right\"><\/i>Read more<\/span>\n            <\/a>\n                        <div class=\"study-box ekit-wid-con\">\n            <i class=\"\"><\/i>\n            <div class=\"count-no\"><\/div>\n            <h5>Diagnosis and therapy of freedom of expression, hate speech and ethnic tensions<\/h5>            \n                <p>In recent years, Montenegro has faced a visible trend of increasing presence of hate speech. During 2020, freedom of expression was threatened by the authorities in connection with the COVID-19 crisis and election campaigns. Namely, a number of steps were taken that seriously violated the right to privacy and freedom of expression. In the first [&hellip;] <\/p>\n          \n        <\/div><!-- end case study box -->\n    <\/li>\n\n    \n    <li class=\"nav-item  \">\n                    <a class=\"nav-link \" id=\"xs-tab-4_386a3e0\" data-toggle=\"tab\" href=\"#tab-4_386a3e0\" aria-controls=\"tab-4_386a3e0\" data-href=\"https:\/\/www.cedem.me\/en\/case-categories\/a-more-efficient-monitoring-system-leads-to-better-application-of-normative-regulations\/\">\n                <span>A more efficient monitoring system leads to better application of normative regulations<\/span>                <span><i class=\"fa fa-chevron-right\"><\/i>Read more<\/span>\n            <\/a>\n                        <div class=\"study-box ekit-wid-con\">\n            <i class=\"\"><\/i>\n            <div class=\"count-no\"><\/div>\n            <h5>A more efficient monitoring system leads to better application of normative regulations<\/h5>            \n                <p>The progress made in the field of protection of minority peoples and other minority national communities in the normative sense has been recognized through a number of national and international reports, as well as through CEDEM reports on conducted research. Despite the results achieved, the implementation of bylaws and existing institutional mechanisms needs to be [&hellip;] <\/p>\n          \n        <\/div><!-- end case study box -->\n    <\/li>\n\n    \n<\/ul>\n\n        <\/div>\n    \t\t<\/div>\n\t\t\t\t<\/div>\n\t\t\t\t\t<\/div>\n\t\t<\/div>\n\t\t\t\t\t<\/div>\n\t\t<\/section>\n\t\t\t\t<section class=\"elementor-section elementor-top-section elementor-element elementor-element-5b8ec3c elementor-section-full_width elementor-hidden-desktop elementor-section-height-default elementor-section-height-default\" data-id=\"5b8ec3c\" data-element_type=\"section\" data-settings=\"{&quot;ekit_has_onepagescroll_dot&quot;:&quot;yes&quot;}\">\n\t\t\t\t\t\t<div class=\"elementor-container elementor-column-gap-no\">\n\t\t\t\t\t<div class=\"elementor-column elementor-col-100 elementor-top-column elementor-element elementor-element-501fe99\" data-id=\"501fe99\" data-element_type=\"column\">\n\t\t\t<div class=\"elementor-widget-wrap elementor-element-populated\">\n\t\t\t\t\t\t<div class=\"elementor-element elementor-element-569656b elementor-widget elementor-widget-blo-case-sdudy\" data-id=\"569656b\" data-element_type=\"widget\" data-settings=\"{&quot;ekit_we_effect_on&quot;:&quot;none&quot;}\" data-widget_type=\"blo-case-sdudy.default\">\n\t\t\t\t<div class=\"elementor-widget-container\">\n\t\t\t        <div class=\"row\">\n    <div class=\"col-lg-4 col-md-6\">\n    <div class=\"xs-case-box\">\n                <div class=\"case-thumb\">\n            <a href=\"https:\/\/www.cedem.me\/en\/case-categories\/medijski-centar-za-izvjestavanje-o-zivotnoj-sredini\/\">\n                 <img loading=\"lazy\" decoding=\"async\" width=\"1920\" height=\"1005\" src=\"https:\/\/www.cedem.me\/wp-content\/uploads\/2021\/05\/jodiiiicaaaaaaaaa.jpg\" class=\"attachment-full size-full wp-post-image\" alt=\"\" srcset=\"https:\/\/www.cedem.me\/wp-content\/uploads\/2021\/05\/jodiiiicaaaaaaaaa.jpg 1920w, https:\/\/www.cedem.me\/wp-content\/uploads\/2021\/05\/jodiiiicaaaaaaaaa-300x157.jpg 300w, https:\/\/www.cedem.me\/wp-content\/uploads\/2021\/05\/jodiiiicaaaaaaaaa-1024x536.jpg 1024w, https:\/\/www.cedem.me\/wp-content\/uploads\/2021\/05\/jodiiiicaaaaaaaaa-768x402.jpg 768w, https:\/\/www.cedem.me\/wp-content\/uploads\/2021\/05\/jodiiiicaaaaaaaaa-1536x804.jpg 1536w\" sizes=\"(max-width: 1920px) 100vw, 1920px\" \/>                <div class=\"case-meta\">\n                                        <span>case-tab<\/span>\n                                    <\/div>\n            <\/a>\n        <\/div>\n                <div class=\"case-content\">\n             <h3 class=\"case-title\"><a href=\"https:\/\/www.cedem.me\/en\/case-categories\/medijski-centar-za-izvjestavanje-o-zivotnoj-sredini\/\">Political and civic participation of young people<\/a><\/h3>            <p>\n                <p>The project &#8220;Political and civic participation of young people&#8221; was created based on one of the six key priorities defined by the current Strategy for Youth &#8211; young active citizens are involved, motivated, proactive and participate in decision-making processes, community development, policy making and implementation. projects dedicated to strengthening the competencies of young people to [&hellip;] <\/p>\n            <\/p>\n                    <\/div><!-- .\/case content -->\n    <\/div><!-- end single career -->\n<\/div><div class=\"col-lg-4 col-md-6\">\n    <div class=\"xs-case-box\">\n                <div class=\"case-thumb\">\n            <a href=\"https:\/\/www.cedem.me\/en\/case-categories\/statistika-centra-za-pracenje-podataka-i-analize-nesta\/\">\n                 <img loading=\"lazy\" decoding=\"async\" width=\"1920\" height=\"1005\" src=\"https:\/\/www.cedem.me\/wp-content\/uploads\/2021\/05\/jodiiiicaaaaaaaaa2.jpg\" class=\"attachment-full size-full wp-post-image\" alt=\"\" srcset=\"https:\/\/www.cedem.me\/wp-content\/uploads\/2021\/05\/jodiiiicaaaaaaaaa2.jpg 1920w, https:\/\/www.cedem.me\/wp-content\/uploads\/2021\/05\/jodiiiicaaaaaaaaa2-300x157.jpg 300w, https:\/\/www.cedem.me\/wp-content\/uploads\/2021\/05\/jodiiiicaaaaaaaaa2-1024x536.jpg 1024w, https:\/\/www.cedem.me\/wp-content\/uploads\/2021\/05\/jodiiiicaaaaaaaaa2-768x402.jpg 768w, https:\/\/www.cedem.me\/wp-content\/uploads\/2021\/05\/jodiiiicaaaaaaaaa2-1536x804.jpg 1536w\" sizes=\"(max-width: 1920px) 100vw, 1920px\" \/>                <div class=\"case-meta\">\n                                        <span>case-tab<\/span>\n                                    <\/div>\n            <\/a>\n        <\/div>\n                <div class=\"case-content\">\n             <h3 class=\"case-title\"><a href=\"https:\/\/www.cedem.me\/en\/case-categories\/statistika-centra-za-pracenje-podataka-i-analize-nesta\/\">Vox Populi &#8211; implementing better choices<\/a><\/h3>            <p>\n                <p>Montenegro faces social and political challenges and, for the first time, requires democratic roadmaps. In order to contribute to strengthening the accountability, transparency and consolidation of democratic institutions, CEDEM has developed the project &#8220;Vox populi &#8211; Implementation of better elections&#8221;. The project will identify and measure citizens&#8217; perceptions and attitudes on key issues of reform [&hellip;] <\/p>\n            <\/p>\n                    <\/div><!-- .\/case content -->\n    <\/div><!-- end single career -->\n<\/div><div class=\"col-lg-4 col-md-6\">\n    <div class=\"xs-case-box\">\n                <div class=\"case-thumb\">\n            <a href=\"https:\/\/www.cedem.me\/en\/case-categories\/diagnosis-and-therapy-of-freedom-of-expression-hate-speech-and-ethnic-tensions\/\">\n                 <img loading=\"lazy\" decoding=\"async\" width=\"1920\" height=\"1005\" src=\"https:\/\/www.cedem.me\/wp-content\/uploads\/2021\/05\/jodiiiicaaaaaaaaa3.jpg\" class=\"attachment-full size-full wp-post-image\" alt=\"\" srcset=\"https:\/\/www.cedem.me\/wp-content\/uploads\/2021\/05\/jodiiiicaaaaaaaaa3.jpg 1920w, https:\/\/www.cedem.me\/wp-content\/uploads\/2021\/05\/jodiiiicaaaaaaaaa3-300x157.jpg 300w, https:\/\/www.cedem.me\/wp-content\/uploads\/2021\/05\/jodiiiicaaaaaaaaa3-1024x536.jpg 1024w, https:\/\/www.cedem.me\/wp-content\/uploads\/2021\/05\/jodiiiicaaaaaaaaa3-768x402.jpg 768w, https:\/\/www.cedem.me\/wp-content\/uploads\/2021\/05\/jodiiiicaaaaaaaaa3-1536x804.jpg 1536w\" sizes=\"(max-width: 1920px) 100vw, 1920px\" \/>                <div class=\"case-meta\">\n                                        <span>case-tab<\/span>\n                                    <\/div>\n            <\/a>\n        <\/div>\n                <div class=\"case-content\">\n             <h3 class=\"case-title\"><a href=\"https:\/\/www.cedem.me\/en\/case-categories\/diagnosis-and-therapy-of-freedom-of-expression-hate-speech-and-ethnic-tensions\/\">Diagnosis and therapy of freedom of expression, hate speech and ethnic tensions<\/a><\/h3>            <p>\n                <p>In recent years, Montenegro has faced a visible trend of increasing presence of hate speech. During 2020, freedom of expression was threatened by the authorities in connection with the COVID-19 crisis and election campaigns. Namely, a number of steps were taken that seriously violated the right to privacy and freedom of expression. In the first [&hellip;] <\/p>\n            <\/p>\n                    <\/div><!-- .\/case content -->\n    <\/div><!-- end single career -->\n<\/div><div class=\"col-lg-4 col-md-6\">\n    <div class=\"xs-case-box\">\n                <div class=\"case-thumb\">\n            <a href=\"https:\/\/www.cedem.me\/en\/case-categories\/a-more-efficient-monitoring-system-leads-to-better-application-of-normative-regulations\/\">\n                 <img loading=\"lazy\" decoding=\"async\" width=\"1920\" height=\"1005\" src=\"https:\/\/www.cedem.me\/wp-content\/uploads\/2021\/05\/jodiiiicaaaaaaaaa4.jpg\" class=\"attachment-full size-full wp-post-image\" alt=\"\" srcset=\"https:\/\/www.cedem.me\/wp-content\/uploads\/2021\/05\/jodiiiicaaaaaaaaa4.jpg 1920w, https:\/\/www.cedem.me\/wp-content\/uploads\/2021\/05\/jodiiiicaaaaaaaaa4-300x157.jpg 300w, https:\/\/www.cedem.me\/wp-content\/uploads\/2021\/05\/jodiiiicaaaaaaaaa4-1024x536.jpg 1024w, https:\/\/www.cedem.me\/wp-content\/uploads\/2021\/05\/jodiiiicaaaaaaaaa4-768x402.jpg 768w, https:\/\/www.cedem.me\/wp-content\/uploads\/2021\/05\/jodiiiicaaaaaaaaa4-1536x804.jpg 1536w\" sizes=\"(max-width: 1920px) 100vw, 1920px\" \/>                <div class=\"case-meta\">\n                                        <span>case-tab<\/span>\n                                    <\/div>\n            <\/a>\n        <\/div>\n                <div class=\"case-content\">\n             <h3 class=\"case-title\"><a href=\"https:\/\/www.cedem.me\/en\/case-categories\/a-more-efficient-monitoring-system-leads-to-better-application-of-normative-regulations\/\">A more efficient monitoring system leads to better application of normative regulations<\/a><\/h3>            <p>\n                <p>The progress made in the field of protection of minority peoples and other minority national communities in the normative sense has been recognized through a number of national and international reports, as well as through CEDEM reports on conducted research. Despite the results achieved, the implementation of bylaws and existing institutional mechanisms needs to be [&hellip;] <\/p>\n            <\/p>\n                    <\/div><!-- .\/case content -->\n    <\/div><!-- end single career -->\n<\/div>        <\/div>\n    \t\t<\/div>\n\t\t\t\t<\/div>\n\t\t\t\t\t<\/div>\n\t\t<\/div>\n\t\t\t\t\t<\/div>\n\t\t<\/section>\n\t\t\t\t<section class=\"elementor-section elementor-top-section elementor-element elementor-element-be8163e elementor-section-boxed elementor-section-height-default elementor-section-height-default\" data-id=\"be8163e\" data-element_type=\"section\" data-settings=\"{&quot;ekit_has_onepagescroll_dot&quot;:&quot;yes&quot;}\">\n\t\t\t\t\t\t<div class=\"elementor-container elementor-column-gap-default\">\n\t\t\t\t\t<div class=\"elementor-column elementor-col-100 elementor-top-column elementor-element elementor-element-32e73f2\" data-id=\"32e73f2\" data-element_type=\"column\">\n\t\t\t<div class=\"elementor-widget-wrap elementor-element-populated\">\n\t\t\t\t\t\t<div class=\"elementor-element elementor-element-91b12a3 elementor-widget elementor-widget-elementskit-heading\" data-id=\"91b12a3\" data-element_type=\"widget\" data-settings=\"{&quot;ekit_we_effect_on&quot;:&quot;none&quot;}\" data-widget_type=\"elementskit-heading.default\">\n\t\t\t\t<div class=\"elementor-widget-container\">\n\t\t\t<div class=\"ekit-wid-con\" ><div class=\"ekit-heading elementskit-section-title-wraper text_center   ekit_heading_tablet-   ekit_heading_mobile-\"><h2 class=\"ekit-heading--title elementskit-section-title \">Video content<\/h2><\/div><\/div>\t\t<\/div>\n\t\t\t\t<\/div>\n\t\t\t\t\t<\/div>\n\t\t<\/div>\n\t\t\t\t\t<\/div>\n\t\t<\/section>\n\t\t\t\t<section class=\"elementor-section elementor-top-section elementor-element elementor-element-837c535 elementor-section-boxed elementor-section-height-default elementor-section-height-default\" data-id=\"837c535\" data-element_type=\"section\" data-settings=\"{&quot;ekit_has_onepagescroll_dot&quot;:&quot;yes&quot;}\">\n\t\t\t\t\t\t<div class=\"elementor-container elementor-column-gap-default\">\n\t\t\t\t\t<div class=\"elementor-column elementor-col-100 elementor-top-column elementor-element elementor-element-4bbc4bb\" data-id=\"4bbc4bb\" data-element_type=\"column\">\n\t\t\t<div class=\"elementor-widget-wrap elementor-element-populated\">\n\t\t\t\t\t\t<div class=\"elementor-element elementor-element-8d6794a elementor-widget elementor-widget-shortcode\" data-id=\"8d6794a\" data-element_type=\"widget\" data-settings=\"{&quot;ekit_we_effect_on&quot;:&quot;none&quot;}\" data-widget_type=\"shortcode.default\">\n\t\t\t\t<div class=\"elementor-widget-container\">\n\t\t\t\t\t<div class=\"elementor-shortcode\">\n\n<div\n\tid=\"sb_youtube_sbyUC3ntcKYpWCsVn2rzDil4MeA6\" \n\t class=\"sb_youtube sby_layout_grid sby_col_3 sby_mob_col_1 sby_palette_inherit  sby_width_resp\" \n\tdata-feedid=\"sby_UC3ntcKYpWCsVn2rzDil4MeA#6\" \n\tdata-shortcode-atts=\"{&quot;feed&quot;:&quot;1&quot;}\" \n\tdata-cols=\"3\" \n\tdata-colsmobile=\"1\" \n\tdata-num=\"6\" \n\tdata-nummobile=\"6\" \n\tdata-channel-subscribers=\"115 subscribers\"\tdata-subscribe-btn=\"1\" \n\tdata-subscribe-btn-text=\"Subscribe\" \n\tdata_channel_header_colors =\"{&quot;channelName&quot;:&quot;&quot;,&quot;subscribeCount&quot;:&quot;&quot;,&quot;buttonBackground&quot;:&quot;&quot;,&quot;buttonText&quot;:&quot;&quot;}\"\n\t data-sby-flags=\"resizeDisable\" data-postid=\"6386\" data-sby-supports-lightbox=\"1\" \n\t data-videocardlayout=\"vertical\" \n>\n\t        <div class=\"sby_items_wrap\" style=\"padding: 5px;\">\n\t\t<div class=\"sby_item  sby_new sby_transition\" id=\"sby_VVUzbnRjS1lwV0NzVm4ycnpEaWw0TWVBLjV4Qm5ualpuMlZB\" data-date=\"1777451572\" data-video-id=\"5xBnnjZn2VA\">\n    <div class=\"sby_inner_item\">\n        <div class=\"sby_video_thumbnail_wrap sby_item_video_thumbnail_wrap\">\n            <a class=\"sby_video_thumbnail sby_item_video_thumbnail\" href=\"https:\/\/www.youtube.com\/watch?v=5xBnnjZn2VA\" target=\"_blank\" rel=\"noopener\" data-full-res=\"https:\/\/i.ytimg.com\/vi\/5xBnnjZn2VA\/maxresdefault.jpg\" data-img-src-set=\"{&quot;120&quot;:&quot;https:\\\/\\\/i.ytimg.com\\\/vi\\\/5xBnnjZn2VA\\\/default.jpg&quot;,&quot;320&quot;:&quot;https:\\\/\\\/i.ytimg.com\\\/vi\\\/5xBnnjZn2VA\\\/mqdefault.jpg&quot;,&quot;480&quot;:&quot;https:\\\/\\\/i.ytimg.com\\\/vi\\\/5xBnnjZn2VA\\\/hqdefault.jpg&quot;,&quot;640&quot;:&quot;https:\\\/\\\/i.ytimg.com\\\/vi\\\/5xBnnjZn2VA\\\/sddefault.jpg&quot;}\" data-video-id=\"5xBnnjZn2VA\" data-video-title=\"Istina ili manipulacija: Kako rije\u010di oblikuju digitalni svijet?\">\n                <img decoding=\"async\" src=\"https:\/\/www.cedem.me\/wp-content\/plugins\/feeds-for-youtube\/img\/placeholder.png\" alt=\"Ovaj sadr\u017eaj kreiran je u okviru projekta &quot;Questions Disarm Hate&quot; - &quot;Pitanja razoru\u017eavaju mr\u017enju&quot;, koji sprovodi Centar za demokratiju i ljudska prava (CEDEM) uz finansijsku podr\u0161ku Evropske unije, u okviru Reporting Diversity Network programa.\n\nThis media content was created with the financial support of the European Union within the Reporting Diversity Network program. Its content is the sole responsability of the Center for Democracy and Human Rights (CEDEM) and does not necessarily reflect the views of the European Union or the Reporting Diversity Network (RDN).\">\n\n                <div class=\"sby_thumbnail_hover sby_item_video_thumbnail_hover\">\n                    <div class=\"sby_thumbnail_hover_inner\">\n                                                    <span class=\"sby_video_title\" >Istina ili manipulacija: Kako rije\u010di oblikuju digitalni svijet?<\/span>\n                                            <\/div>\n                <\/div>\n\n                                    <div class=\"sby_play_btn\" >\n                        <span class=\"sby_play_btn_bg\"><\/span>\n                        <svg aria-hidden=\"true\" focusable=\"false\" data-prefix=\"fab\" data-icon=\"youtube\" role=\"img\" xmlns=\"http:\/\/www.w3.org\/2000\/svg\" viewBox=\"0 0 576 512\" class=\"svg-inline--fa fa-youtube fa-w-18\"><path fill=\"currentColor\" d=\"M549.655 124.083c-6.281-23.65-24.787-42.276-48.284-48.597C458.781 64 288 64 288 64S117.22 64 74.629 75.486c-23.497 6.322-42.003 24.947-48.284 48.597-11.412 42.867-11.412 132.305-11.412 132.305s0 89.438 11.412 132.305c6.281 23.65 24.787 41.5 48.284 47.821C117.22 448 288 448 288 448s170.78 0 213.371-11.486c23.497-6.321 42.003-24.171 48.284-47.821 11.412-42.867 11.412-132.305 11.412-132.305s0-89.438-11.412-132.305zm-317.51 213.508V175.185l142.739 81.205-142.739 81.201z\" class=\"\"><\/path><\/svg>                    <\/div>\n                                <span class=\"sby_loader sby_hidden\" style=\"background-color: rgb(255, 255, 255);\"><\/span>\n            <\/a>\n\n                    <\/div>\n    <\/div>\n<\/div><div class=\"sby_item  sby_new sby_transition\" id=\"sby_VVUzbnRjS1lwV0NzVm4ycnpEaWw0TWVBLkEyTV9ERF9nZU9V\" data-date=\"1776838817\" data-video-id=\"A2M_DD_geOU\">\n    <div class=\"sby_inner_item\">\n        <div class=\"sby_video_thumbnail_wrap sby_item_video_thumbnail_wrap\">\n            <a class=\"sby_video_thumbnail sby_item_video_thumbnail\" href=\"https:\/\/www.youtube.com\/watch?v=A2M_DD_geOU\" target=\"_blank\" rel=\"noopener\" data-full-res=\"https:\/\/i.ytimg.com\/vi\/A2M_DD_geOU\/maxresdefault.jpg\" data-img-src-set=\"{&quot;120&quot;:&quot;https:\\\/\\\/i.ytimg.com\\\/vi\\\/A2M_DD_geOU\\\/default.jpg&quot;,&quot;320&quot;:&quot;https:\\\/\\\/i.ytimg.com\\\/vi\\\/A2M_DD_geOU\\\/mqdefault.jpg&quot;,&quot;480&quot;:&quot;https:\\\/\\\/i.ytimg.com\\\/vi\\\/A2M_DD_geOU\\\/hqdefault.jpg&quot;,&quot;640&quot;:&quot;https:\\\/\\\/i.ytimg.com\\\/vi\\\/A2M_DD_geOU\\\/sddefault.jpg&quot;}\" data-video-id=\"A2M_DD_geOU\" data-video-title=\"Narativi mo\u0107i: Kako politika oblikuje govor mr\u017enje\">\n                <img decoding=\"async\" src=\"https:\/\/www.cedem.me\/wp-content\/plugins\/feeds-for-youtube\/img\/placeholder.png\" alt=\"Ovaj sadr\u017eaj kreiran je u okviru projekta &quot;Questions Disarm Hate&quot; - &quot;Pitanja razoru\u017eavaju mr\u017enju&quot;, koji sprovodi Centar za demokratiju i ljudska prava (CEDEM) uz finansijsku podr\u0161ku Evropske unije, u okviru Reporting Diversity Network programa.\n\nThis media content was created with the financial support of the European Union within the Reporting Diversity Network program. Its content is the sole responsability of the Center for Democracy and Human Rights (CEDEM) and does not necessarily reflect the views of the European Union or the Reporting Diversity Network (RDN).\">\n\n                <div class=\"sby_thumbnail_hover sby_item_video_thumbnail_hover\">\n                    <div class=\"sby_thumbnail_hover_inner\">\n                                                    <span class=\"sby_video_title\" >Narativi mo\u0107i: Kako politika oblikuje govor mr\u017enje<\/span>\n                                            <\/div>\n                <\/div>\n\n                                    <div class=\"sby_play_btn\" >\n                        <span class=\"sby_play_btn_bg\"><\/span>\n                        <svg aria-hidden=\"true\" focusable=\"false\" data-prefix=\"fab\" data-icon=\"youtube\" role=\"img\" xmlns=\"http:\/\/www.w3.org\/2000\/svg\" viewBox=\"0 0 576 512\" class=\"svg-inline--fa fa-youtube fa-w-18\"><path fill=\"currentColor\" d=\"M549.655 124.083c-6.281-23.65-24.787-42.276-48.284-48.597C458.781 64 288 64 288 64S117.22 64 74.629 75.486c-23.497 6.322-42.003 24.947-48.284 48.597-11.412 42.867-11.412 132.305-11.412 132.305s0 89.438 11.412 132.305c6.281 23.65 24.787 41.5 48.284 47.821C117.22 448 288 448 288 448s170.78 0 213.371-11.486c23.497-6.321 42.003-24.171 48.284-47.821 11.412-42.867 11.412-132.305 11.412-132.305s0-89.438-11.412-132.305zm-317.51 213.508V175.185l142.739 81.205-142.739 81.201z\" class=\"\"><\/path><\/svg>                    <\/div>\n                                <span class=\"sby_loader sby_hidden\" style=\"background-color: rgb(255, 255, 255);\"><\/span>\n            <\/a>\n\n                    <\/div>\n    <\/div>\n<\/div><div class=\"sby_item  sby_new sby_transition\" id=\"sby_VVUzbnRjS1lwV0NzVm4ycnpEaWw0TWVBLl8wbm5wV0JSTk5R\" data-date=\"1775636010\" data-video-id=\"_0nnpWBRNNQ\">\n    <div class=\"sby_inner_item\">\n        <div class=\"sby_video_thumbnail_wrap sby_item_video_thumbnail_wrap\">\n            <a class=\"sby_video_thumbnail sby_item_video_thumbnail\" href=\"https:\/\/www.youtube.com\/watch?v=_0nnpWBRNNQ\" target=\"_blank\" rel=\"noopener\" data-full-res=\"https:\/\/i.ytimg.com\/vi\/_0nnpWBRNNQ\/maxresdefault.jpg\" data-img-src-set=\"{&quot;120&quot;:&quot;https:\\\/\\\/i.ytimg.com\\\/vi\\\/_0nnpWBRNNQ\\\/default.jpg&quot;,&quot;320&quot;:&quot;https:\\\/\\\/i.ytimg.com\\\/vi\\\/_0nnpWBRNNQ\\\/mqdefault.jpg&quot;,&quot;480&quot;:&quot;https:\\\/\\\/i.ytimg.com\\\/vi\\\/_0nnpWBRNNQ\\\/hqdefault.jpg&quot;,&quot;640&quot;:&quot;https:\\\/\\\/i.ytimg.com\\\/vi\\\/_0nnpWBRNNQ\\\/sddefault.jpg&quot;}\" data-video-id=\"_0nnpWBRNNQ\" data-video-title=\"Pravo u CEDEM!  - Marko Ugrin\">\n                <img decoding=\"async\" src=\"https:\/\/www.cedem.me\/wp-content\/plugins\/feeds-for-youtube\/img\/placeholder.png\" alt=\"U ovoj epizodi podcasta razgovaramo sa Markom Ugrinom, predstavnikom hrvatske zajednice u Crnoj Gori, i fokusiramo se na li\u010dno i kolektivno iskustvo o\u010duvanja identiteta, jezika i kulture manjinskih naroda u savremenom dru\u0161tvenom kontekstu. Kroz razgovor se otvara prostor za razumijevanje polo\u017eaja hrvatske zajednice, izazova sa kojima se suo\u010dava, ali i doprinosa koji daje multikulturalnom tkivu Crne Gore.\n\nOva epizoda osmi\u0161ljena je kao dio \u0161ire aktivnosti projekta koja ima za cilj informisanje javnosti i podizanje svijesti o pravima, tradiciji i identitetima manjinskih zajednica, kao i suzbijanje stereotipa i predrasuda. \n\nOva epizoda podcasta realizovana je u okviru projekta &quot;NIT - narodi, identiteri, tolerancija&quot; koji CEDEM sprovodi uz finansijsku podr\u0111ku Ministarstva ljudskih i manjinskih prava Crne Gore. Svi stavovi izre\u010deni u okviru ovog podcasta su odgovornost CEDEM-a i ne predstavljaju nu\u017eno stavove donatora.\">\n\n                <div class=\"sby_thumbnail_hover sby_item_video_thumbnail_hover\">\n                    <div class=\"sby_thumbnail_hover_inner\">\n                                                    <span class=\"sby_video_title\" >Pravo u CEDEM!  - Marko Ugrin<\/span>\n                                            <\/div>\n                <\/div>\n\n                                    <div class=\"sby_play_btn\" >\n                        <span class=\"sby_play_btn_bg\"><\/span>\n                        <svg aria-hidden=\"true\" focusable=\"false\" data-prefix=\"fab\" data-icon=\"youtube\" role=\"img\" xmlns=\"http:\/\/www.w3.org\/2000\/svg\" viewBox=\"0 0 576 512\" class=\"svg-inline--fa fa-youtube fa-w-18\"><path fill=\"currentColor\" d=\"M549.655 124.083c-6.281-23.65-24.787-42.276-48.284-48.597C458.781 64 288 64 288 64S117.22 64 74.629 75.486c-23.497 6.322-42.003 24.947-48.284 48.597-11.412 42.867-11.412 132.305-11.412 132.305s0 89.438 11.412 132.305c6.281 23.65 24.787 41.5 48.284 47.821C117.22 448 288 448 288 448s170.78 0 213.371-11.486c23.497-6.321 42.003-24.171 48.284-47.821 11.412-42.867 11.412-132.305 11.412-132.305s0-89.438-11.412-132.305zm-317.51 213.508V175.185l142.739 81.205-142.739 81.201z\" class=\"\"><\/path><\/svg>                    <\/div>\n                                <span class=\"sby_loader sby_hidden\" style=\"background-color: rgb(255, 255, 255);\"><\/span>\n            <\/a>\n\n                    <\/div>\n    <\/div>\n<\/div><div class=\"sby_item  sby_new sby_transition\" id=\"sby_VVUzbnRjS1lwV0NzVm4ycnpEaWw0TWVBLk1oa1NXOTA1LVZF\" data-date=\"1774338820\" data-video-id=\"MhkSW905-VE\">\n    <div class=\"sby_inner_item\">\n        <div class=\"sby_video_thumbnail_wrap sby_item_video_thumbnail_wrap\">\n            <a class=\"sby_video_thumbnail sby_item_video_thumbnail\" href=\"https:\/\/www.youtube.com\/watch?v=MhkSW905-VE\" target=\"_blank\" rel=\"noopener\" data-full-res=\"https:\/\/i.ytimg.com\/vi\/MhkSW905-VE\/maxresdefault.jpg\" data-img-src-set=\"{&quot;120&quot;:&quot;https:\\\/\\\/i.ytimg.com\\\/vi\\\/MhkSW905-VE\\\/default.jpg&quot;,&quot;320&quot;:&quot;https:\\\/\\\/i.ytimg.com\\\/vi\\\/MhkSW905-VE\\\/mqdefault.jpg&quot;,&quot;480&quot;:&quot;https:\\\/\\\/i.ytimg.com\\\/vi\\\/MhkSW905-VE\\\/hqdefault.jpg&quot;,&quot;640&quot;:&quot;https:\\\/\\\/i.ytimg.com\\\/vi\\\/MhkSW905-VE\\\/sddefault.jpg&quot;}\" data-video-id=\"MhkSW905-VE\" data-video-title=\"Nevenka Vuksanovi\u0107 - Na\u010disto sa Petrom Komneni\u0107em\">\n                <img decoding=\"async\" src=\"https:\/\/www.cedem.me\/wp-content\/plugins\/feeds-for-youtube\/img\/placeholder.png\" alt=\"Civilni sektor komentari\u0161e aktuelna de\u0161avanja oko izbornih reformi.\">\n\n                <div class=\"sby_thumbnail_hover sby_item_video_thumbnail_hover\">\n                    <div class=\"sby_thumbnail_hover_inner\">\n                                                    <span class=\"sby_video_title\" >Nevenka Vuksanovi\u0107 - Na\u010disto sa Petrom Komneni\u0107em<\/span>\n                                            <\/div>\n                <\/div>\n\n                                    <div class=\"sby_play_btn\" >\n                        <span class=\"sby_play_btn_bg\"><\/span>\n                        <svg aria-hidden=\"true\" focusable=\"false\" data-prefix=\"fab\" data-icon=\"youtube\" role=\"img\" xmlns=\"http:\/\/www.w3.org\/2000\/svg\" viewBox=\"0 0 576 512\" class=\"svg-inline--fa fa-youtube fa-w-18\"><path fill=\"currentColor\" d=\"M549.655 124.083c-6.281-23.65-24.787-42.276-48.284-48.597C458.781 64 288 64 288 64S117.22 64 74.629 75.486c-23.497 6.322-42.003 24.947-48.284 48.597-11.412 42.867-11.412 132.305-11.412 132.305s0 89.438 11.412 132.305c6.281 23.65 24.787 41.5 48.284 47.821C117.22 448 288 448 288 448s170.78 0 213.371-11.486c23.497-6.321 42.003-24.171 48.284-47.821 11.412-42.867 11.412-132.305 11.412-132.305s0-89.438-11.412-132.305zm-317.51 213.508V175.185l142.739 81.205-142.739 81.201z\" class=\"\"><\/path><\/svg>                    <\/div>\n                                <span class=\"sby_loader sby_hidden\" style=\"background-color: rgb(255, 255, 255);\"><\/span>\n            <\/a>\n\n                    <\/div>\n    <\/div>\n<\/div><div class=\"sby_item  sby_new sby_transition\" id=\"sby_VVUzbnRjS1lwV0NzVm4ycnpEaWw0TWVBLkZ5d3JSLVFwckh3\" data-date=\"1774338186\" data-video-id=\"FywrR-QprHw\">\n    <div class=\"sby_inner_item\">\n        <div class=\"sby_video_thumbnail_wrap sby_item_video_thumbnail_wrap\">\n            <a class=\"sby_video_thumbnail sby_item_video_thumbnail\" href=\"https:\/\/www.youtube.com\/watch?v=FywrR-QprHw\" target=\"_blank\" rel=\"noopener\" data-full-res=\"https:\/\/i.ytimg.com\/vi\/FywrR-QprHw\/hqdefault.jpg\" data-img-src-set=\"{&quot;120&quot;:&quot;https:\\\/\\\/i.ytimg.com\\\/vi\\\/FywrR-QprHw\\\/default.jpg&quot;,&quot;320&quot;:&quot;https:\\\/\\\/i.ytimg.com\\\/vi\\\/FywrR-QprHw\\\/mqdefault.jpg&quot;,&quot;480&quot;:&quot;https:\\\/\\\/i.ytimg.com\\\/vi\\\/FywrR-QprHw\\\/hqdefault.jpg&quot;,&quot;640&quot;:&quot;https:\\\/\\\/i.ytimg.com\\\/vi\\\/FywrR-QprHw\\\/hqdefault.jpg&quot;}\" data-video-id=\"FywrR-QprHw\" data-video-title=\"Informativna emisija: 24 sata - Nevenka Vuksanovi\u0107\">\n                <img decoding=\"async\" src=\"https:\/\/www.cedem.me\/wp-content\/plugins\/feeds-for-youtube\/img\/placeholder.png\" alt=\"Nevenka Vuksanovi\u0107 gostovala je u Informativnoj emisiji: 24 sata, gdje je govorila o aktuelnim temama kao \u0161to su prijedlog za uvo\u0111enje otvorenih listi, funkcionisanju Odbora za izbornu reformu i crnogorskom putu ka EU.\">\n\n                <div class=\"sby_thumbnail_hover sby_item_video_thumbnail_hover\">\n                    <div class=\"sby_thumbnail_hover_inner\">\n                                                    <span class=\"sby_video_title\" >Informativna emisija: 24 sata - Nevenka Vuksanovi\u0107<\/span>\n                                            <\/div>\n                <\/div>\n\n                                    <div class=\"sby_play_btn\" >\n                        <span class=\"sby_play_btn_bg\"><\/span>\n                        <svg aria-hidden=\"true\" focusable=\"false\" data-prefix=\"fab\" data-icon=\"youtube\" role=\"img\" xmlns=\"http:\/\/www.w3.org\/2000\/svg\" viewBox=\"0 0 576 512\" class=\"svg-inline--fa fa-youtube fa-w-18\"><path fill=\"currentColor\" d=\"M549.655 124.083c-6.281-23.65-24.787-42.276-48.284-48.597C458.781 64 288 64 288 64S117.22 64 74.629 75.486c-23.497 6.322-42.003 24.947-48.284 48.597-11.412 42.867-11.412 132.305-11.412 132.305s0 89.438 11.412 132.305c6.281 23.65 24.787 41.5 48.284 47.821C117.22 448 288 448 288 448s170.78 0 213.371-11.486c23.497-6.321 42.003-24.171 48.284-47.821 11.412-42.867 11.412-132.305 11.412-132.305s0-89.438-11.412-132.305zm-317.51 213.508V175.185l142.739 81.205-142.739 81.201z\" class=\"\"><\/path><\/svg>                    <\/div>\n                                <span class=\"sby_loader sby_hidden\" style=\"background-color: rgb(255, 255, 255);\"><\/span>\n            <\/a>\n\n                    <\/div>\n    <\/div>\n<\/div><div class=\"sby_item  sby_new sby_transition\" id=\"sby_VVUzbnRjS1lwV0NzVm4ycnpEaWw0TWVBLnN1TDZkenpkTG04\" data-date=\"1774337846\" data-video-id=\"suL6dzzdLm8\">\n    <div class=\"sby_inner_item\">\n        <div class=\"sby_video_thumbnail_wrap sby_item_video_thumbnail_wrap\">\n            <a class=\"sby_video_thumbnail sby_item_video_thumbnail\" href=\"https:\/\/www.youtube.com\/watch?v=suL6dzzdLm8\" target=\"_blank\" rel=\"noopener\" data-full-res=\"https:\/\/i.ytimg.com\/vi\/suL6dzzdLm8\/hqdefault.jpg\" data-img-src-set=\"{&quot;120&quot;:&quot;https:\\\/\\\/i.ytimg.com\\\/vi\\\/suL6dzzdLm8\\\/default.jpg&quot;,&quot;320&quot;:&quot;https:\\\/\\\/i.ytimg.com\\\/vi\\\/suL6dzzdLm8\\\/mqdefault.jpg&quot;,&quot;480&quot;:&quot;https:\\\/\\\/i.ytimg.com\\\/vi\\\/suL6dzzdLm8\\\/hqdefault.jpg&quot;,&quot;640&quot;:&quot;https:\\\/\\\/i.ytimg.com\\\/vi\\\/suL6dzzdLm8\\\/hqdefault.jpg&quot;}\" data-video-id=\"suL6dzzdLm8\" data-video-title=\"Nevenka Vuksanovic - Argumenti\">\n                <img decoding=\"async\" src=\"https:\/\/www.cedem.me\/wp-content\/plugins\/feeds-for-youtube\/img\/placeholder.png\" alt=\"Nevenka Vuksanovic, direktorica CEDEM-a gostovala je u emisiji Argumenti zajedno sa Biljanom Papovi\u0107 - Dr\u017eavnom sekretarkom u Ministarstvu evropskih poslova i Milo\u0161em Radonji\u0107em - Savjetnikom predsjednika Crne Gore\">\n\n                <div class=\"sby_thumbnail_hover sby_item_video_thumbnail_hover\">\n                    <div class=\"sby_thumbnail_hover_inner\">\n                                                    <span class=\"sby_video_title\" >Nevenka Vuksanovic - Argumenti<\/span>\n                                            <\/div>\n                <\/div>\n\n                                    <div class=\"sby_play_btn\" >\n                        <span class=\"sby_play_btn_bg\"><\/span>\n                        <svg aria-hidden=\"true\" focusable=\"false\" data-prefix=\"fab\" data-icon=\"youtube\" role=\"img\" xmlns=\"http:\/\/www.w3.org\/2000\/svg\" viewBox=\"0 0 576 512\" class=\"svg-inline--fa fa-youtube fa-w-18\"><path fill=\"currentColor\" d=\"M549.655 124.083c-6.281-23.65-24.787-42.276-48.284-48.597C458.781 64 288 64 288 64S117.22 64 74.629 75.486c-23.497 6.322-42.003 24.947-48.284 48.597-11.412 42.867-11.412 132.305-11.412 132.305s0 89.438 11.412 132.305c6.281 23.65 24.787 41.5 48.284 47.821C117.22 448 288 448 288 448s170.78 0 213.371-11.486c23.497-6.321 42.003-24.171 48.284-47.821 11.412-42.867 11.412-132.305 11.412-132.305s0-89.438-11.412-132.305zm-317.51 213.508V175.185l142.739 81.205-142.739 81.201z\" class=\"\"><\/path><\/svg>                    <\/div>\n                                <span class=\"sby_loader sby_hidden\" style=\"background-color: rgb(255, 255, 255);\"><\/span>\n            <\/a>\n\n                    <\/div>\n    <\/div>\n<\/div>    <\/div>\n    \n\t<div class=\"sby_footer\">\n\n    <a class=\"sby_load_btn\" href=\"javascript:void(0);\"  >\n        <span class=\"sby_btn_text\" >U\u010ditaj vi\u0161e...<\/span>\n        <span class=\"sby_loader sby_hidden\" style=\"background-color: rgb(255, 255, 255);\"><\/span>\n    <\/a>\n\n    <span \n        class=\"sby_follow_btn sby_custom\" \n            >\n        <a \n            href=\"https:\/\/www.youtube.com\/channel\/UC3ntcKYpWCsVn2rzDil4MeA\/\"\n            style=\"background: rgb(5,107,143);\" \n            target=\"_blank\" \n            rel=\"noopener\"\n        >\n            <svg aria-hidden=\"true\" focusable=\"false\" data-prefix=\"fab\" data-icon=\"youtube\" role=\"img\" xmlns=\"http:\/\/www.w3.org\/2000\/svg\" viewBox=\"0 0 576 512\" class=\"svg-inline--fa fa-youtube fa-w-18\"><path fill=\"currentColor\" d=\"M549.655 124.083c-6.281-23.65-24.787-42.276-48.284-48.597C458.781 64 288 64 288 64S117.22 64 74.629 75.486c-23.497 6.322-42.003 24.947-48.284 48.597-11.412 42.867-11.412 132.305-11.412 132.305s0 89.438 11.412 132.305c6.281 23.65 24.787 41.5 48.284 47.821C117.22 448 288 448 288 448s170.78 0 213.371-11.486c23.497-6.321 42.003-24.171 48.284-47.821 11.412-42.867 11.412-132.305 11.412-132.305s0-89.438-11.412-132.305zm-317.51 213.508V175.185l142.739 81.205-142.739 81.201z\" class=\"\"><\/path><\/svg>            <span  >\n                Subscribe            <\/span>\n        <\/a>\n    <\/span>\n<\/div>\n    \n\t\n<\/div>\n\n<style type=\"text\/css\">#sb_youtube_sbyUC3ntcKYpWCsVn2rzDil4MeA6 .sby_caption_wrap .sby_caption { font-size: 13px !important}#sb_youtube_sbyUC3ntcKYpWCsVn2rzDil4MeA6 .sby_follow_btn a:hover { box-shadow:inset 0 0 10px 20px rgb(255, 255, 255, .25) !important}#sb_youtube_sbyUC3ntcKYpWCsVn2rzDil4MeA6[data-videostyle=boxed] .sby_items_wrap .sby_item .sby_inner_item { background-color: #ffffff !important}<\/style><\/div>\n\t\t\t\t<\/div>\n\t\t\t\t<\/div>\n\t\t\t\t\t<\/div>\n\t\t<\/div>\n\t\t\t\t\t<\/div>\n\t\t<\/section>\n\t\t\t\t<section class=\"elementor-section elementor-top-section elementor-element elementor-element-0a0c264 elementor-section-boxed elementor-section-height-default elementor-section-height-default\" data-id=\"0a0c264\" data-element_type=\"section\" data-settings=\"{&quot;ekit_has_onepagescroll_dot&quot;:&quot;yes&quot;}\">\n\t\t\t\t\t\t<div class=\"elementor-container elementor-column-gap-default\">\n\t\t\t\t\t<div class=\"elementor-column elementor-col-50 elementor-top-column elementor-element elementor-element-db7506f\" data-id=\"db7506f\" data-element_type=\"column\">\n\t\t\t<div class=\"elementor-widget-wrap elementor-element-populated\">\n\t\t\t\t\t\t<div class=\"elementor-element elementor-element-96c7709 elementor-widget elementor-widget-elementskit-heading\" data-id=\"96c7709\" data-element_type=\"widget\" data-settings=\"{&quot;ekit_we_effect_on&quot;:&quot;none&quot;}\" data-widget_type=\"elementskit-heading.default\">\n\t\t\t\t<div class=\"elementor-widget-container\">\n\t\t\t<div class=\"ekit-wid-con\" ><div class=\"ekit-heading elementskit-section-title-wraper text_left   ekit_heading_tablet-text_center   ekit_heading_mobile-text_center\"><h2 class=\"ekit-heading--title elementskit-section-title \">Our research<\/h2>\t\t\t\t<div class='ekit-heading__description'>\n\t\t\t\t\t<p>Confidence in political institutions, namely the Government, the President, the Assembly, the police, the army, the police and political parties, is at its lowest level since 2014, indicating the need to implement substantial structural and systemic changes and focus citizens.<\/p>\n\t\t\t\t<\/div>\n\t\t\t<\/div><\/div>\t\t<\/div>\n\t\t\t\t<\/div>\n\t\t\t\t<div class=\"elementor-element elementor-element-49f7f83 elementor-widget elementor-widget-elementskit-button\" data-id=\"49f7f83\" data-element_type=\"widget\" data-settings=\"{&quot;ekit_we_effect_on&quot;:&quot;none&quot;}\" data-widget_type=\"elementskit-button.default\">\n\t\t\t\t<div class=\"elementor-widget-container\">\n\t\t\t<div class=\"ekit-wid-con\" >\t\t<div class=\"ekit-btn-wraper\">\n\t\t\t\t\t\t\t<a href=\"\/en\/research\/\" class=\"elementskit-btn  whitespace--normal\" id=\"\">\n\t\t\t\t\tRead more\t\t\t\t<\/a>\n\t\t\t\t\t<\/div>\n        <\/div>\t\t<\/div>\n\t\t\t\t<\/div>\n\t\t\t\t\t<\/div>\n\t\t<\/div>\n\t\t\t\t<div class=\"elementor-column elementor-col-50 elementor-top-column elementor-element elementor-element-c2cc938\" data-id=\"c2cc938\" data-element_type=\"column\">\n\t\t\t<div class=\"elementor-widget-wrap elementor-element-populated\">\n\t\t\t\t\t\t<div class=\"elementor-element elementor-element-2db319b elementor-widget elementor-widget-text-editor\" data-id=\"2db319b\" data-element_type=\"widget\" data-settings=\"{&quot;ekit_we_effect_on&quot;:&quot;none&quot;}\" data-widget_type=\"text-editor.default\">\n\t\t\t\t<div class=\"elementor-widget-container\">\n\t\t\t\t\t\t\t<p>Trust in political institutions. Average: Government, President, Assembly, Police, Army, judiciary and parties &#8211; trend (%)<\/p>\t\t\t\t\t\t<\/div>\n\t\t\t\t<\/div>\n\t\t\t\t<div class=\"elementor-element elementor-element-ca8c76e elementor-widget elementor-widget-elementskit-chart\" data-id=\"ca8c76e\" data-element_type=\"widget\" data-settings=\"{&quot;ekit_we_effect_on&quot;:&quot;none&quot;}\" data-widget_type=\"elementskit-chart.default\">\n\t\t\t\t<div class=\"elementor-widget-container\">\n\t\t\t<div class=\"ekit-wid-con\" >\t\t<div class=\"ekit-chart\">\n\t\t\t<canvas id=\"ekit-chart-ca8c76e\"><\/canvas>\n\t\t<\/div>\n\n\t\t<script type=\"text\/javascript\">\n            jQuery(function ($) {\n                var ekitChartId = document.querySelector('#ekit-chart-ca8c76e'),\n\t\t\t\t\tekitChart = new Chart(ekitChartId, {\n                    type: 'line',\n                    data: {\n                        labels: [\"2007\",\"2008\",\"2010\",\"2011\",\"2012\",\"2013\",\"2014\",\"2017\",\"2018\",\"2019\",\"2020\",\"2021\"],\n                        datasets: [{\"label\":\"\",\"data\":[29.3,28.7,54.4,59.2,43.2,44.6,35.2,31.1,33.4,29.3,27.1,25.9],\"backgroundColor\":\"#056B8F00\",\"hoverBackgroundColor\":\"#056B8F00\",\"borderColor\":\"#056B8FFC\",\"hoverBorderColor\":\"#056B8FFC\",\"borderWidth\":5}]                    },\n                    options: {\"title\":{\"display\":true,\"position\":\"top\",\"fontSize\":16,\"fontColor\":\"#056B8F\",\"fontStyle\":\"bold\",\"padding\":10,\"lineHeight\":1.2,\"text\":\"\"},\"animation\":{\"duration\":1000,\"easing\":\"linear\",\"onProgress\":\"function(animation) {progress.value = animation.animationObject.currentStep \\\/ animation.animationObject.numSteps;}\",\"onComplete\":\"function() {window.setTimeout(function() { progress.value = 0;}, 1000);\"},\"tooltips\":{\"backgroundColor\":\"#989898\",\"intersect\":true,\"mode\":\"nearest\",\"titleFontSize\":13,\"titleFontColor\":\"#fff\",\"titleFontStyle\":\"normal\",\"bodyFontSize\":12,\"bodyFontColor\":\"#fff\",\"bodyFontStyle\":\"normal\"},\"elements\":{\"point\":{\"radius\":5,\"pointStyle\":\"circle\",\"borderWidth\":3,\"hoverRadius\":6,\"hoverBorderWidth\":4},\"line\":{\"tension\":0.1,\"borderCapStyle\":\"butt\",\"fill\":\"bottom\",\"stepped\":false}},\"legend\":{\"display\":false},\"scales\":{\"yAxes\":[{\"ticks\":{\"display\":true,\"beginAtZero\":true,\"fontColor\":\"#666\",\"fontSize\":15,\"fontStyle\":\"normal\",\"padding\":5},\"gridLines\":{\"drawBorder\":false,\"color\":\"#989898\"}}],\"xAxes\":[{\"ticks\":{\"display\":true,\"beginAtZero\":true,\"fontColor\":\"#666\",\"fontSize\":15,\"fontStyle\":\"normal\",\"padding\":5},\"gridLines\":{\"drawBorder\":false,\"color\":\"#989898\"}}]},\"plugins\":{\"deferred\":{\"xOffset\":150,\"yOffset\":\"50%\",\"delay\":300}}}                });\n            });\n\t\t<\/script>\n\t\t<\/div>\t\t<\/div>\n\t\t\t\t<\/div>\n\t\t\t\t\t<\/div>\n\t\t<\/div>\n\t\t\t\t\t<\/div>\n\t\t<\/section>\n\t\t\t\t<section class=\"elementor-section elementor-top-section elementor-element elementor-element-6c636dd elementor-section-boxed elementor-section-height-default elementor-section-height-default\" data-id=\"6c636dd\" data-element_type=\"section\" data-settings=\"{&quot;ekit_has_onepagescroll_dot&quot;:&quot;yes&quot;}\">\n\t\t\t\t\t\t<div class=\"elementor-container elementor-column-gap-default\">\n\t\t\t\t\t<div class=\"elementor-column elementor-col-33 elementor-top-column elementor-element elementor-element-1ec1bd0\" data-id=\"1ec1bd0\" data-element_type=\"column\">\n\t\t\t<div class=\"elementor-widget-wrap elementor-element-populated\">\n\t\t\t\t\t\t<div class=\"elementor-element elementor-element-f5e930c elementor-widget elementor-widget-counter\" data-id=\"f5e930c\" data-element_type=\"widget\" data-settings=\"{&quot;ekit_we_effect_on&quot;:&quot;none&quot;}\" data-widget_type=\"counter.default\">\n\t\t\t\t<div class=\"elementor-widget-container\">\n\t\t\t\t\t<div class=\"elementor-counter\">\n\t\t\t<div class=\"elementor-counter-title\">Participants<\/div>\t\t\t<div class=\"elementor-counter-number-wrapper\">\n\t\t\t\t<span class=\"elementor-counter-number-prefix\"><\/span>\n\t\t\t\t<span class=\"elementor-counter-number\" data-duration=\"2000\" data-to-value=\"7000\" data-from-value=\"0\" data-delimiter=\",\">0<\/span>\n\t\t\t\t<span class=\"elementor-counter-number-suffix\">+<\/span>\n\t\t\t<\/div>\n\t\t<\/div>\n\t\t\t\t<\/div>\n\t\t\t\t<\/div>\n\t\t\t\t\t<\/div>\n\t\t<\/div>\n\t\t\t\t<div class=\"elementor-column elementor-col-33 elementor-top-column elementor-element elementor-element-0021e72\" data-id=\"0021e72\" data-element_type=\"column\">\n\t\t\t<div class=\"elementor-widget-wrap elementor-element-populated\">\n\t\t\t\t\t\t<div class=\"elementor-element elementor-element-b821772 elementor-widget elementor-widget-counter\" data-id=\"b821772\" data-element_type=\"widget\" data-settings=\"{&quot;ekit_we_effect_on&quot;:&quot;none&quot;}\" data-widget_type=\"counter.default\">\n\t\t\t\t<div class=\"elementor-widget-container\">\n\t\t\t\t\t<div class=\"elementor-counter\">\n\t\t\t<div class=\"elementor-counter-title\">Years of work<\/div>\t\t\t<div class=\"elementor-counter-number-wrapper\">\n\t\t\t\t<span class=\"elementor-counter-number-prefix\"><\/span>\n\t\t\t\t<span class=\"elementor-counter-number\" data-duration=\"2000\" data-to-value=\"24\" data-from-value=\"0\">0<\/span>\n\t\t\t\t<span class=\"elementor-counter-number-suffix\"><\/span>\n\t\t\t<\/div>\n\t\t<\/div>\n\t\t\t\t<\/div>\n\t\t\t\t<\/div>\n\t\t\t\t\t<\/div>\n\t\t<\/div>\n\t\t\t\t<div class=\"elementor-column elementor-col-33 elementor-top-column elementor-element elementor-element-911539a\" data-id=\"911539a\" data-element_type=\"column\">\n\t\t\t<div class=\"elementor-widget-wrap elementor-element-populated\">\n\t\t\t\t\t\t<div class=\"elementor-element elementor-element-0314a4d elementor-widget elementor-widget-counter\" data-id=\"0314a4d\" data-element_type=\"widget\" data-settings=\"{&quot;ekit_we_effect_on&quot;:&quot;none&quot;}\" data-widget_type=\"counter.default\">\n\t\t\t\t<div class=\"elementor-widget-container\">\n\t\t\t\t\t<div class=\"elementor-counter\">\n\t\t\t<div class=\"elementor-counter-title\">Research, analysis and study<\/div>\t\t\t<div class=\"elementor-counter-number-wrapper\">\n\t\t\t\t<span class=\"elementor-counter-number-prefix\"><\/span>\n\t\t\t\t<span class=\"elementor-counter-number\" data-duration=\"2000\" data-to-value=\"400\" data-from-value=\"0\">0<\/span>\n\t\t\t\t<span class=\"elementor-counter-number-suffix\">+<\/span>\n\t\t\t<\/div>\n\t\t<\/div>\n\t\t\t\t<\/div>\n\t\t\t\t<\/div>\n\t\t\t\t\t<\/div>\n\t\t<\/div>\n\t\t\t\t\t<\/div>\n\t\t<\/section>\n\t\t\t\t<section class=\"elementor-section elementor-top-section elementor-element elementor-element-e64fd02 elementor-section-boxed elementor-section-height-default elementor-section-height-default\" data-id=\"e64fd02\" data-element_type=\"section\" data-settings=\"{&quot;background_background&quot;:&quot;classic&quot;,&quot;ekit_has_onepagescroll_dot&quot;:&quot;yes&quot;}\">\n\t\t\t\t\t\t<div class=\"elementor-container elementor-column-gap-default\">\n\t\t\t\t\t<div class=\"elementor-column elementor-col-100 elementor-top-column elementor-element elementor-element-cb76d72\" data-id=\"cb76d72\" data-element_type=\"column\">\n\t\t\t<div class=\"elementor-widget-wrap elementor-element-populated\">\n\t\t\t\t\t\t<div class=\"elementor-element elementor-element-a0d04ec elementor-widget elementor-widget-elementskit-testimonial\" data-id=\"a0d04ec\" data-element_type=\"widget\" data-settings=\"{&quot;ekit_we_effect_on&quot;:&quot;none&quot;}\" data-widget_type=\"elementskit-testimonial.default\">\n\t\t\t\t<div class=\"elementor-widget-container\">\n\t\t\t<div class=\"ekit-wid-con\" ><div  class=\"elementskit-testimonial-slider ekit_testimonial_style_6 arrow_inside slider-dotted\" data-config=\"{&quot;rtl&quot;:false,&quot;arrows&quot;:false,&quot;dots&quot;:true,&quot;pauseOnHover&quot;:true,&quot;autoplay&quot;:true,&quot;speed&quot;:1000,&quot;slidesPerGroup&quot;:1,&quot;slidesPerView&quot;:3,&quot;loop&quot;:false,&quot;spaceBetween&quot;:15,&quot;breakpoints&quot;:{&quot;320&quot;:{&quot;slidesPerView&quot;:1,&quot;slidesPerGroup&quot;:1,&quot;spaceBetween&quot;:10},&quot;768&quot;:{&quot;slidesPerView&quot;:2,&quot;slidesPerGroup&quot;:1,&quot;spaceBetween&quot;:10},&quot;1024&quot;:{&quot;slidesPerView&quot;:3,&quot;slidesPerGroup&quot;:1,&quot;spaceBetween&quot;:15}}}\">\n\t<div class=\"ekit-main-swiper swiper\">\n\t\t<div class=\"swiper-wrapper\">\n\t\t\t\t\t\t\t<div class=\"swiper-slide\">\n\t\t\t\t\t<div class=\"swiper-slide-inner\">\n\t\t\t\t\t\t<div class=\"elementskit-single-testimonial-slider elementskit-testimonial-slider-block-style elementskit-testimonial-slider-block-style-three  elementor-repeater-item-241ac11\" >\n\t\t\t\t\t\t\t\t\t\t\t\t\t\t<div class=\"elementskit-watermark-icon elementskit-icon-content  commentor-badge \">\n\t\t\t\t\t\t\t\t<i aria-hidden=\"true\" class=\"icon icon-quote\"><\/i>\t\t\t\t\t\t\t<\/div>\n\t\t\t\t\t\t\t\t\t\t\t\t\t\t\t\t\t\t\t\t\t\t<div class=\"elementskit-commentor-bio \">\n\t\t\t\t\t\t\t\t\t<div class=\"elementkit-commentor-details\">\n\t\t\t\t\t\t\t\t\t\t<div class=\"elementskit-commentor-image ekit-testimonial--avatar\">\n\t\t\t\t\t\t\t\t\t\t\t<img loading=\"lazy\" decoding=\"async\" width=\"70\" height=\"70\" src=\"https:\/\/www.cedem.me\/wp-content\/uploads\/2022\/01\/sinisa.jpg\" class=\"attachment-full size-full\" alt=\"\" srcset=\"https:\/\/www.cedem.me\/wp-content\/uploads\/2022\/01\/sinisa.jpg 469w, https:\/\/www.cedem.me\/wp-content\/uploads\/2022\/01\/sinisa-300x297.jpg 300w, https:\/\/www.cedem.me\/wp-content\/uploads\/2022\/01\/sinisa-150x150.jpg 150w\" sizes=\"(max-width: 469px) 100vw, 469px\" \/>\t\t\t\t\t\t\t\t\t\t<\/div>\n\t\t\t\t\t\t\t\t\t<\/div>\n\t\t\t\t\t\t\t\t<\/div>\n\t\t\t\t\t\t\t\n\t\t\t\t\t\t\t\t\t\t\t\t\t\t\t<div class=\"elementskit-profile-info\">\n\t\t\t\t\t\t\t\t\t\t\t\t\t\t\t\t\t\t<strong class=\"elementskit-author-name\">Sini\u0161a Bjekovi\u0107<\/strong>\n\t\t\t\t\t\t\t\t\t\t\t\t\t\t\t\t\t\t\t\t\t\t\t\t\t\t\t<span class=\"elementskit-author-des\">Protector of human rights and freedoms of Montenegro<\/span>\n\t\t\t\t\t\t\t\t\t\t\t\t\t\t\t\t\t<\/div>\n\t\t\t\t\t\t\t\n\t\t\t\t\t\t\t\t\t\t\t\t\t\t\t<div class=\"elementskit-commentor-content\">\n\t\t\t\t\t\t\t\t\t\t\t\t\t\t\t\t\t\t<p>Without a serious analysis and register of persons with disabilities, we can hardly talk about a more serious policy, because the policy must always be based on serious statistical indicators and the number of people to whom you want to direct a particular state policy.\n<\/p>\n\t\t\t\t\t\t\t\t<\/div>\n\t\t\t\t\t\t\t\t\t\t\t\t\t<\/div>\n\t\t\t\t\t<\/div>\n\t\t\t\t<\/div>\n\t\t\t\t\t\t\t<div class=\"swiper-slide\">\n\t\t\t\t\t<div class=\"swiper-slide-inner\">\n\t\t\t\t\t\t<div class=\"elementskit-single-testimonial-slider elementskit-testimonial-slider-block-style elementskit-testimonial-slider-block-style-three  elementor-repeater-item-056f9f7\" >\n\t\t\t\t\t\t\t\t\t\t\t\t\t\t<div class=\"elementskit-watermark-icon elementskit-icon-content  commentor-badge \">\n\t\t\t\t\t\t\t\t<i aria-hidden=\"true\" class=\"icon icon-quote\"><\/i>\t\t\t\t\t\t\t<\/div>\n\t\t\t\t\t\t\t\t\t\t\t\t\t\t\t\t\t\t\t\t\t\t<div class=\"elementskit-commentor-bio \">\n\t\t\t\t\t\t\t\t\t<div class=\"elementkit-commentor-details\">\n\t\t\t\t\t\t\t\t\t\t<div class=\"elementskit-commentor-image ekit-testimonial--avatar\">\n\t\t\t\t\t\t\t\t\t\t\t<img loading=\"lazy\" decoding=\"async\" width=\"70\" height=\"70\" src=\"https:\/\/www.cedem.me\/wp-content\/uploads\/2022\/01\/Miras.jpg\" class=\"attachment-full size-full\" alt=\"\" srcset=\"https:\/\/www.cedem.me\/wp-content\/uploads\/2022\/01\/Miras.jpg 412w, https:\/\/www.cedem.me\/wp-content\/uploads\/2022\/01\/Miras-300x283.jpg 300w\" sizes=\"(max-width: 412px) 100vw, 412px\" \/>\t\t\t\t\t\t\t\t\t\t<\/div>\n\t\t\t\t\t\t\t\t\t<\/div>\n\t\t\t\t\t\t\t\t<\/div>\n\t\t\t\t\t\t\t\n\t\t\t\t\t\t\t\t\t\t\t\t\t\t\t<div class=\"elementskit-profile-info\">\n\t\t\t\t\t\t\t\t\t\t\t\t\t\t\t\t\t\t<strong class=\"elementskit-author-name\">Mira\u0161 Radovi\u0107<\/strong>\n\t\t\t\t\t\t\t\t\t\t\t\t\t\t\t\t\t\t\t\t\t\t\t\t\t\t\t<span class=\"elementskit-author-des\">Judge of the Supreme Court of Montenegro<\/span>\n\t\t\t\t\t\t\t\t\t\t\t\t\t\t\t\t\t<\/div>\n\t\t\t\t\t\t\t\n\t\t\t\t\t\t\t\t\t\t\t\t\t\t\t<div class=\"elementskit-commentor-content\">\n\t\t\t\t\t\t\t\t\t\t\t\t\t\t\t\t\t\t<p>The message to politicians should be to protect the independence and autonomy of the judiciary. My message to the presidents of the courts is that they should protect the autonomy and independence of the judiciary and that every president of the court should appear before a judge and say - no one has the right to influence you, not even me, let alone someone outside the court.<\/p>\n\t\t\t\t\t\t\t\t<\/div>\n\t\t\t\t\t\t\t\t\t\t\t\t\t<\/div>\n\t\t\t\t\t<\/div>\n\t\t\t\t<\/div>\n\t\t\t\t\t\t\t<div class=\"swiper-slide\">\n\t\t\t\t\t<div class=\"swiper-slide-inner\">\n\t\t\t\t\t\t<div class=\"elementskit-single-testimonial-slider elementskit-testimonial-slider-block-style elementskit-testimonial-slider-block-style-three  elementor-repeater-item-6570b0c\" >\n\t\t\t\t\t\t\t\t\t\t\t\t\t\t<div class=\"elementskit-watermark-icon elementskit-icon-content  commentor-badge \">\n\t\t\t\t\t\t\t\t<i aria-hidden=\"true\" class=\"icon icon-quote\"><\/i>\t\t\t\t\t\t\t<\/div>\n\t\t\t\t\t\t\t\t\t\t\t\t\t\t\t\t\t\t\t\t\t\t<div class=\"elementskit-commentor-bio \">\n\t\t\t\t\t\t\t\t\t<div class=\"elementkit-commentor-details\">\n\t\t\t\t\t\t\t\t\t\t<div class=\"elementskit-commentor-image ekit-testimonial--avatar\">\n\t\t\t\t\t\t\t\t\t\t\t<img loading=\"lazy\" decoding=\"async\" width=\"70\" height=\"70\" src=\"https:\/\/www.cedem.me\/wp-content\/uploads\/2022\/01\/Jelena.jpg\" class=\"attachment-full size-full\" alt=\"\" srcset=\"https:\/\/www.cedem.me\/wp-content\/uploads\/2022\/01\/Jelena.jpg 403w, https:\/\/www.cedem.me\/wp-content\/uploads\/2022\/01\/Jelena-293x300.jpg 293w\" sizes=\"(max-width: 403px) 100vw, 403px\" \/>\t\t\t\t\t\t\t\t\t\t<\/div>\n\t\t\t\t\t\t\t\t\t<\/div>\n\t\t\t\t\t\t\t\t<\/div>\n\t\t\t\t\t\t\t\n\t\t\t\t\t\t\t\t\t\t\t\t\t\t\t<div class=\"elementskit-profile-info\">\n\t\t\t\t\t\t\t\t\t\t\t\t\t\t\t\t\t\t<strong class=\"elementskit-author-name\">Jelena \u0110aleti\u0107<\/strong>\n\t\t\t\t\t\t\t\t\t\t\t\t\t\t\t\t\t\t\t\t\t\t\t\t\t\t\t<span class=\"elementskit-author-des\">State Prosecutor for Liaison with EUROJUST<\/span>\n\t\t\t\t\t\t\t\t\t\t\t\t\t\t\t\t\t<\/div>\n\t\t\t\t\t\t\t\n\t\t\t\t\t\t\t\t\t\t\t\t\t\t\t<div class=\"elementskit-commentor-content\">\n\t\t\t\t\t\t\t\t\t\t\t\t\t\t\t\t\t\t<p>If we undertake continuous activities in order to meet the criteria in the chapters, it is necessary that all state bodies cooperate. This means that there must simply be communication and cooperation, because the path to the European Union is the path of the state, of all of us, and not of individual institutions.<\/p>\n\t\t\t\t\t\t\t\t<\/div>\n\t\t\t\t\t\t\t\t\t\t\t\t\t<\/div>\n\t\t\t\t\t<\/div>\n\t\t\t\t<\/div>\n\t\t\t\t\t\t\t<div class=\"swiper-slide\">\n\t\t\t\t\t<div class=\"swiper-slide-inner\">\n\t\t\t\t\t\t<div class=\"elementskit-single-testimonial-slider elementskit-testimonial-slider-block-style elementskit-testimonial-slider-block-style-three  elementor-repeater-item-ffeb0b0\" >\n\t\t\t\t\t\t\t\t\t\t\t\t\t\t<div class=\"elementskit-watermark-icon elementskit-icon-content  commentor-badge \">\n\t\t\t\t\t\t\t\t<i aria-hidden=\"true\" class=\"icon icon-quote\"><\/i>\t\t\t\t\t\t\t<\/div>\n\t\t\t\t\t\t\t\t\t\t\t\t\t\t\t\t\t\t\t\t\t\t<div class=\"elementskit-commentor-bio \">\n\t\t\t\t\t\t\t\t\t<div class=\"elementkit-commentor-details\">\n\t\t\t\t\t\t\t\t\t\t<div class=\"elementskit-commentor-image ekit-testimonial--avatar\">\n\t\t\t\t\t\t\t\t\t\t\t<img loading=\"lazy\" decoding=\"async\" width=\"70\" height=\"70\" src=\"https:\/\/www.cedem.me\/wp-content\/uploads\/2022\/01\/valentina.jpg\" class=\"attachment-full size-full\" alt=\"\" srcset=\"https:\/\/www.cedem.me\/wp-content\/uploads\/2022\/01\/valentina.jpg 489w, https:\/\/www.cedem.me\/wp-content\/uploads\/2022\/01\/valentina-300x292.jpg 300w\" sizes=\"(max-width: 489px) 100vw, 489px\" \/>\t\t\t\t\t\t\t\t\t\t<\/div>\n\t\t\t\t\t\t\t\t\t<\/div>\n\t\t\t\t\t\t\t\t<\/div>\n\t\t\t\t\t\t\t\n\t\t\t\t\t\t\t\t\t\t\t\t\t\t\t<div class=\"elementskit-profile-info\">\n\t\t\t\t\t\t\t\t\t\t\t\t\t\t\t\t\t\t<strong class=\"elementskit-author-name\">Valentina Pavli\u010di\u0107<\/strong>\n\t\t\t\t\t\t\t\t\t\t\t\t\t\t\t\t\t\t\t\t\t\t\t\t\t\t\t<span class=\"elementskit-author-des\">Representative of Montenegro before the European Court of Human Rights<\/span>\n\t\t\t\t\t\t\t\t\t\t\t\t\t\t\t\t\t<\/div>\n\t\t\t\t\t\t\t\n\t\t\t\t\t\t\t\t\t\t\t\t\t\t\t<div class=\"elementskit-commentor-content\">\n\t\t\t\t\t\t\t\t\t\t\t\t\t\t\t\t\t\t<p>The rule of law should be enforced by strong, independent, strong and competent institutions, and the institutions should be represented by the people. We have to create such a level in society that citizens respect the laws, but on the other hand, those who pass them must also respect the laws. We can do that if we have one level on both sides. . Independence and responsibility go hand in hand<\/p>\n\t\t\t\t\t\t\t\t<\/div>\n\t\t\t\t\t\t\t\t\t\t\t\t\t<\/div>\n\t\t\t\t\t<\/div>\n\t\t\t\t<\/div>\n\t\t\t\t\t<\/div>\n\n\t\t\t\t\t<div class=\"swiper-pagination\"><\/div>\n\t\t\n\t\t\t<\/div>\n<\/div>\n<\/div>\t\t<\/div>\n\t\t\t\t<\/div>\n\t\t\t\t\t<\/div>\n\t\t<\/div>\n\t\t\t\t\t<\/div>\n\t\t<\/section>\n\t\t\t\t<section class=\"elementor-section elementor-top-section elementor-element elementor-element-5140e45 elementor-section-boxed elementor-section-height-default elementor-section-height-default\" data-id=\"5140e45\" data-element_type=\"section\" data-settings=\"{&quot;ekit_has_onepagescroll_dot&quot;:&quot;yes&quot;}\">\n\t\t\t\t\t\t<div class=\"elementor-container elementor-column-gap-default\">\n\t\t\t\t\t<div class=\"elementor-column elementor-col-100 elementor-top-column elementor-element elementor-element-1ee489f\" data-id=\"1ee489f\" data-element_type=\"column\">\n\t\t\t<div class=\"elementor-widget-wrap elementor-element-populated\">\n\t\t\t\t\t\t<div class=\"elementor-element elementor-element-64252e5 elementor-widget elementor-widget-elementskit-client-logo\" data-id=\"64252e5\" data-element_type=\"widget\" data-settings=\"{&quot;ekit_we_effect_on&quot;:&quot;none&quot;}\" data-widget_type=\"elementskit-client-logo.default\">\n\t\t\t\t<div class=\"elementor-widget-container\">\n\t\t\t<div class=\"ekit-wid-con\" >\t\t<div class=\"elementskit-clients-slider slider-dotted dot_dotted simple_logo_image\" data-config=\"{&quot;rtl&quot;:false,&quot;arrows&quot;:false,&quot;dots&quot;:true,&quot;autoplay&quot;:true,&quot;speed&quot;:&quot;5000&quot;,&quot;slidesPerView&quot;:4,&quot;slidesPerGroup&quot;:4,&quot;pauseOnHover&quot;:true,&quot;loop&quot;:true,&quot;breakpoints&quot;:{&quot;320&quot;:{&quot;slidesPerView&quot;:1,&quot;slidesPerGroup&quot;:1,&quot;spaceBetween&quot;:10},&quot;768&quot;:{&quot;slidesPerView&quot;:3,&quot;slidesPerGroup&quot;:1,&quot;spaceBetween&quot;:10},&quot;1024&quot;:{&quot;slidesPerView&quot;:4,&quot;slidesPerGroup&quot;:4,&quot;spaceBetween&quot;:15}}}\" data-direction=\"\">\n\t\t\t<div class=\"ekit-main-swiper swiper\">\n\t\t\t\t<div class=\"swiper-wrapper\">\n\t\t\t\t\t\t\t\t\t\t\t<div class=\"elementskit-client-slider-item swiper-slide \">\n\t\t\t\t\t\t\t<div class=\"swiper-slide-inner\">\n\t\t\t\t\t\t\t\t<div class=\"single-client image-switcher\" title=\"Title #1\">\n\t\t\t\t\t\t\t\t\t\n\n\t\t\t\t\t\t\t\t\t\t<a href=\"https:\/\/eeas.europa.eu\/delegations\/montenegro_en\" target=\"_blank\" >\n\t\t\t\t\t\t\t\t\t\t\t<span class=\"content-image\">\n\t\t\t\t\t\t\t\t\t\t\t\t<img loading=\"lazy\" decoding=\"async\" width=\"100\" height=\"66\" src=\"https:\/\/www.cedem.me\/wp-content\/uploads\/2021\/12\/EU.gif\" class=\"\" alt=\"\" \/>\t\t\t\t\t\t\t\t\t\t\t<\/span>\n\t\t\t\t\t\t\t\t\t\t<\/a>\n\n\t\t\t\t\t\t\t\t\t\n\t\t\t\t\t\t\t\t<\/div>\n\t\t\t\t\t\t\t<\/div>\n\t\t\t\t\t\t<\/div>\n\t\t\t\t\t\t\t\t\t\t\t<div class=\"elementskit-client-slider-item swiper-slide \">\n\t\t\t\t\t\t\t<div class=\"swiper-slide-inner\">\n\t\t\t\t\t\t\t\t<div class=\"single-client image-switcher\" title=\"List Title\">\n\t\t\t\t\t\t\t\t\t\n\n\t\t\t\t\t\t\t\t\t\t<a href=\"https:\/\/www.opensocietyfoundations.org\/\" target=\"_blank\" >\n\t\t\t\t\t\t\t\t\t\t\t<span class=\"content-image\">\n\t\t\t\t\t\t\t\t\t\t\t\t<img loading=\"lazy\" decoding=\"async\" width=\"150\" height=\"35\" src=\"https:\/\/www.cedem.me\/wp-content\/uploads\/2021\/12\/osf-logo.gif\" class=\"\" alt=\"\" \/>\t\t\t\t\t\t\t\t\t\t\t<\/span>\n\t\t\t\t\t\t\t\t\t\t<\/a>\n\n\t\t\t\t\t\t\t\t\t\n\t\t\t\t\t\t\t\t<\/div>\n\t\t\t\t\t\t\t<\/div>\n\t\t\t\t\t\t<\/div>\n\t\t\t\t\t\t\t\t\t\t\t<div class=\"elementskit-client-slider-item swiper-slide \">\n\t\t\t\t\t\t\t<div class=\"swiper-slide-inner\">\n\t\t\t\t\t\t\t\t<div class=\"single-client image-switcher\" title=\"List Title\">\n\t\t\t\t\t\t\t\t\t\n\n\t\t\t\t\t\t\t\t\t\t<a href=\"https:\/\/www.kas.de\/de\/home\" target=\"_blank\" >\n\t\t\t\t\t\t\t\t\t\t\t<span class=\"content-image\">\n\t\t\t\t\t\t\t\t\t\t\t\t<img loading=\"lazy\" decoding=\"async\" width=\"150\" height=\"62\" src=\"https:\/\/www.cedem.me\/wp-content\/uploads\/2021\/12\/KAS.gif\" class=\"\" alt=\"\" \/>\t\t\t\t\t\t\t\t\t\t\t<\/span>\n\t\t\t\t\t\t\t\t\t\t<\/a>\n\n\t\t\t\t\t\t\t\t\t\n\t\t\t\t\t\t\t\t<\/div>\n\t\t\t\t\t\t\t<\/div>\n\t\t\t\t\t\t<\/div>\n\t\t\t\t\t\t\t\t\t\t\t<div class=\"elementskit-client-slider-item swiper-slide \">\n\t\t\t\t\t\t\t<div class=\"swiper-slide-inner\">\n\t\t\t\t\t\t\t\t<div class=\"single-client image-switcher\" title=\"List Title\">\n\t\t\t\t\t\t\t\t\t\n\n\t\t\t\t\t\t\t\t\t\t<a href=\"https:\/\/me.usembassy.gov\/\" target=\"_blank\" >\n\t\t\t\t\t\t\t\t\t\t\t<span class=\"content-image\">\n\t\t\t\t\t\t\t\t\t\t\t\t<img loading=\"lazy\" decoding=\"async\" width=\"100\" height=\"99\" src=\"https:\/\/www.cedem.me\/wp-content\/uploads\/2021\/12\/US_Embassy_Seal.gif\" class=\"\" alt=\"\" \/>\t\t\t\t\t\t\t\t\t\t\t<\/span>\n\t\t\t\t\t\t\t\t\t\t<\/a>\n\n\t\t\t\t\t\t\t\t\t\n\t\t\t\t\t\t\t\t<\/div>\n\t\t\t\t\t\t\t<\/div>\n\t\t\t\t\t\t<\/div>\n\t\t\t\t\t\t\t\t\t\t\t<div class=\"elementskit-client-slider-item swiper-slide \">\n\t\t\t\t\t\t\t<div class=\"swiper-slide-inner\">\n\t\t\t\t\t\t\t\t<div class=\"single-client image-switcher\" title=\"List Title\">\n\t\t\t\t\t\t\t\t\t\n\n\t\t\t\t\t\t\t\t\t\t<a href=\"https:\/\/www.norway.no\/en\/montenegro\/\" target=\"_blank\" >\n\t\t\t\t\t\t\t\t\t\t\t<span class=\"content-image\">\n\t\t\t\t\t\t\t\t\t\t\t\t<img loading=\"lazy\" decoding=\"async\" width=\"150\" height=\"68\" src=\"https:\/\/www.cedem.me\/wp-content\/uploads\/2021\/12\/NE.gif\" class=\"\" alt=\"\" \/>\t\t\t\t\t\t\t\t\t\t\t<\/span>\n\t\t\t\t\t\t\t\t\t\t<\/a>\n\n\t\t\t\t\t\t\t\t\t\n\t\t\t\t\t\t\t\t<\/div>\n\t\t\t\t\t\t\t<\/div>\n\t\t\t\t\t\t<\/div>\n\t\t\t\t\t\t\t\t\t\t\t<div class=\"elementskit-client-slider-item swiper-slide \">\n\t\t\t\t\t\t\t<div class=\"swiper-slide-inner\">\n\t\t\t\t\t\t\t\t<div class=\"single-client image-switcher\" title=\"Title #1\">\n\t\t\t\t\t\t\t\t\t\n\n\t\t\t\t\t\t\t\t\t\t<a href=\"https:\/\/www.gmfus.org\/grants\/balkan-trust-democracy\" target=\"_blank\" >\n\t\t\t\t\t\t\t\t\t\t\t<span class=\"content-image\">\n\t\t\t\t\t\t\t\t\t\t\t\t<img loading=\"lazy\" decoding=\"async\" width=\"160\" height=\"32\" src=\"https:\/\/www.cedem.me\/wp-content\/uploads\/2021\/12\/BTD.gif\" class=\"\" alt=\"\" \/>\t\t\t\t\t\t\t\t\t\t\t<\/span>\n\t\t\t\t\t\t\t\t\t\t<\/a>\n\n\t\t\t\t\t\t\t\t\t\n\t\t\t\t\t\t\t\t<\/div>\n\t\t\t\t\t\t\t<\/div>\n\t\t\t\t\t\t<\/div>\n\t\t\t\t\t\t\t\t\t\t\t<div class=\"elementskit-client-slider-item swiper-slide \">\n\t\t\t\t\t\t\t<div class=\"swiper-slide-inner\">\n\t\t\t\t\t\t\t\t<div class=\"single-client image-switcher\" title=\"List Title\">\n\t\t\t\t\t\t\t\t\t\n\n\t\t\t\t\t\t\t\t\t\t<a href=\"https:\/\/www.osce.org\/\" target=\"_blank\" >\n\t\t\t\t\t\t\t\t\t\t\t<span class=\"content-image\">\n\t\t\t\t\t\t\t\t\t\t\t\t<img loading=\"lazy\" decoding=\"async\" width=\"150\" height=\"39\" src=\"https:\/\/www.cedem.me\/wp-content\/uploads\/2021\/12\/EN_Mont_OSCE_RGB.gif\" class=\"\" alt=\"\" \/>\t\t\t\t\t\t\t\t\t\t\t<\/span>\n\t\t\t\t\t\t\t\t\t\t<\/a>\n\n\t\t\t\t\t\t\t\t\t\n\t\t\t\t\t\t\t\t<\/div>\n\t\t\t\t\t\t\t<\/div>\n\t\t\t\t\t\t<\/div>\n\t\t\t\t\t\t\t\t\t\t\t<div class=\"elementskit-client-slider-item swiper-slide \">\n\t\t\t\t\t\t\t<div class=\"swiper-slide-inner\">\n\t\t\t\t\t\t\t\t<div class=\"single-client image-switcher\" title=\"List Title\">\n\t\t\t\t\t\t\t\t\t\n\n\t\t\t\t\t\t\t\t\t\t<a href=\"https:\/\/www.airecentre.org\/\" target=\"_blank\" >\n\t\t\t\t\t\t\t\t\t\t\t<span class=\"content-image\">\n\t\t\t\t\t\t\t\t\t\t\t\t<img loading=\"lazy\" decoding=\"async\" width=\"150\" height=\"37\" src=\"https:\/\/www.cedem.me\/wp-content\/uploads\/2021\/12\/AIRE-Centre.gif\" class=\"\" alt=\"\" \/>\t\t\t\t\t\t\t\t\t\t\t<\/span>\n\t\t\t\t\t\t\t\t\t\t<\/a>\n\n\t\t\t\t\t\t\t\t\t\n\t\t\t\t\t\t\t\t<\/div>\n\t\t\t\t\t\t\t<\/div>\n\t\t\t\t\t\t<\/div>\n\t\t\t\t\t\t\t\t\t\t\t<div class=\"elementskit-client-slider-item swiper-slide \">\n\t\t\t\t\t\t\t<div class=\"swiper-slide-inner\">\n\t\t\t\t\t\t\t\t<div class=\"single-client image-switcher\" title=\"List Title\">\n\t\t\t\t\t\t\t\t\t\n\n\t\t\t\t\t\t\t\t\t\t<a href=\"https:\/\/osce-network.net\/\" target=\"_blank\" >\n\t\t\t\t\t\t\t\t\t\t\t<span class=\"content-image\">\n\t\t\t\t\t\t\t\t\t\t\t\t<img loading=\"lazy\" decoding=\"async\" width=\"446\" height=\"113\" src=\"https:\/\/www.cedem.me\/wp-content\/uploads\/2021\/12\/OSCE-network.jpg\" class=\"\" alt=\"\" srcset=\"https:\/\/www.cedem.me\/wp-content\/uploads\/2021\/12\/OSCE-network.jpg 446w, https:\/\/www.cedem.me\/wp-content\/uploads\/2021\/12\/OSCE-network-300x76.jpg 300w\" sizes=\"(max-width: 446px) 100vw, 446px\" \/>\t\t\t\t\t\t\t\t\t\t\t<\/span>\n\t\t\t\t\t\t\t\t\t\t<\/a>\n\n\t\t\t\t\t\t\t\t\t\n\t\t\t\t\t\t\t\t<\/div>\n\t\t\t\t\t\t\t<\/div>\n\t\t\t\t\t\t<\/div>\n\t\t\t\t\t\t\t\t\t\t\t<div class=\"elementskit-client-slider-item swiper-slide \">\n\t\t\t\t\t\t\t<div class=\"swiper-slide-inner\">\n\t\t\t\t\t\t\t\t<div class=\"single-client image-switcher\" title=\"List Title\">\n\t\t\t\t\t\t\t\t\t\n\n\t\t\t\t\t\t\t\t\t\t<a href=\"https:\/\/www.hss.de\/en\/\" target=\"_blank\" >\n\t\t\t\t\t\t\t\t\t\t\t<span class=\"content-image\">\n\t\t\t\t\t\t\t\t\t\t\t\t<img loading=\"lazy\" decoding=\"async\" width=\"88\" height=\"88\" src=\"https:\/\/www.cedem.me\/wp-content\/uploads\/2021\/12\/Hanns-Seidel-logo.jpg\" class=\"\" alt=\"\" \/>\t\t\t\t\t\t\t\t\t\t\t<\/span>\n\t\t\t\t\t\t\t\t\t\t<\/a>\n\n\t\t\t\t\t\t\t\t\t\n\t\t\t\t\t\t\t\t<\/div>\n\t\t\t\t\t\t\t<\/div>\n\t\t\t\t\t\t<\/div>\n\t\t\t\t\t\t\t\t\t\t\t<div class=\"elementskit-client-slider-item swiper-slide \">\n\t\t\t\t\t\t\t<div class=\"swiper-slide-inner\">\n\t\t\t\t\t\t\t\t<div class=\"single-client image-switcher\" title=\"List Title\">\n\t\t\t\t\t\t\t\t\t\n\n\t\t\t\t\t\t\t\t\t\t<a href=\"https:\/\/podgorica.diplo.de\/Vertretung\/podgorica\/de\/Startseite.html\" target=\"_blank\" >\n\t\t\t\t\t\t\t\t\t\t\t<span class=\"content-image\">\n\t\t\t\t\t\t\t\t\t\t\t\t<img loading=\"lazy\" decoding=\"async\" width=\"591\" height=\"165\" src=\"https:\/\/www.cedem.me\/wp-content\/uploads\/2021\/12\/German-Embassy.jpg\" class=\"\" alt=\"\" srcset=\"https:\/\/www.cedem.me\/wp-content\/uploads\/2021\/12\/German-Embassy.jpg 591w, https:\/\/www.cedem.me\/wp-content\/uploads\/2021\/12\/German-Embassy-300x84.jpg 300w\" sizes=\"(max-width: 591px) 100vw, 591px\" \/>\t\t\t\t\t\t\t\t\t\t\t<\/span>\n\t\t\t\t\t\t\t\t\t\t<\/a>\n\n\t\t\t\t\t\t\t\t\t\n\t\t\t\t\t\t\t\t<\/div>\n\t\t\t\t\t\t\t<\/div>\n\t\t\t\t\t\t<\/div>\n\t\t\t\t\t\t\t\t\t\t\t<div class=\"elementskit-client-slider-item swiper-slide \">\n\t\t\t\t\t\t\t<div class=\"swiper-slide-inner\">\n\t\t\t\t\t\t\t\t<div class=\"single-client image-switcher\" title=\"List Title\">\n\t\t\t\t\t\t\t\t\t\n\n\t\t\t\t\t\t\t\t\t\t<a href=\"https:\/\/www.rbf.org\/\" target=\"_blank\" >\n\t\t\t\t\t\t\t\t\t\t\t<span class=\"content-image\">\n\t\t\t\t\t\t\t\t\t\t\t\t<img loading=\"lazy\" decoding=\"async\" width=\"960\" height=\"194\" src=\"https:\/\/www.cedem.me\/wp-content\/uploads\/2021\/12\/Rockefeller_logo.jpg\" class=\"\" alt=\"\" srcset=\"https:\/\/www.cedem.me\/wp-content\/uploads\/2021\/12\/Rockefeller_logo.jpg 960w, https:\/\/www.cedem.me\/wp-content\/uploads\/2021\/12\/Rockefeller_logo-300x61.jpg 300w, https:\/\/www.cedem.me\/wp-content\/uploads\/2021\/12\/Rockefeller_logo-768x155.jpg 768w\" sizes=\"(max-width: 960px) 100vw, 960px\" \/>\t\t\t\t\t\t\t\t\t\t\t<\/span>\n\t\t\t\t\t\t\t\t\t\t<\/a>\n\n\t\t\t\t\t\t\t\t\t\n\t\t\t\t\t\t\t\t<\/div>\n\t\t\t\t\t\t\t<\/div>\n\t\t\t\t\t\t<\/div>\n\t\t\t\t\t\t\t\t\t<\/div>\n\n\t\t\t\t\t\t\t\t\t<div class=\"swiper-pagination\"><\/div>\n\t\t\t\t\n\t\t\t\t\t\t\t<\/div><!-- .elementskit-clients-slider END -->\n\t\t<\/div>\n\t\t<\/div>\t\t<\/div>\n\t\t\t\t<\/div>\n\t\t\t\t\t<\/div>\n\t\t<\/div>\n\t\t\t\t\t<\/div>\n\t\t<\/section>\n\t\t\t\t<\/div>\n\t\t","protected":false},"excerpt":{"rendered":"<p>Rule of law Read more Human rights Read more EU integration Read more Public adminisration Read more Publications Read more Public policy studies Read more Public opinion research Read more Political public opinion Read more Latest news March 22, 2024 Results of the Survey on Political Public Opinion in Montenegro May 22, 2023 Results of [&hellip;] <\/p>\n","protected":false},"author":1,"featured_media":0,"parent":0,"menu_order":0,"comment_status":"closed","ping_status":"closed","template":"template\/homepage-template.php","meta":{"_acf_changed":false,"footnotes":""},"class_list":["post-13555","page","type-page","status-publish","hentry"],"acf":[],"yoast_head":"<!-- This site is optimized with the Yoast SEO plugin v23.9 - https:\/\/yoast.com\/wordpress\/plugins\/seo\/ -->\n<title>Po\u010detna - CEDEM<\/title>\n<meta name=\"robots\" content=\"index, follow, max-snippet:-1, max-image-preview:large, max-video-preview:-1\" \/>\n<link rel=\"canonical\" href=\"https:\/\/www.cedem.me\/en\/\" \/>\n<meta property=\"og:locale\" content=\"en_US\" \/>\n<meta property=\"og:type\" content=\"article\" \/>\n<meta property=\"og:title\" content=\"Po\u010detna - CEDEM\" \/>\n<meta property=\"og:description\" content=\"Rule of law Read more Human rights Read more EU integration Read more Public adminisration Read more Publications Read more Public policy studies Read more Public opinion research Read more Political public opinion Read more Latest news March 22, 2024 Results of the Survey on Political Public Opinion in Montenegro May 22, 2023 Results of [&hellip;]\" \/>\n<meta property=\"og:url\" content=\"https:\/\/www.cedem.me\/en\/\" \/>\n<meta property=\"og:site_name\" content=\"CEDEM\" \/>\n<meta property=\"article:modified_time\" content=\"2024-09-16T12:57:54+00:00\" \/>\n<meta property=\"og:image\" content=\"https:\/\/www.cedem.me\/wp-content\/uploads\/2021\/05\/vladavina-prava-bijela.png\" \/>\n<meta name=\"twitter:card\" content=\"summary_large_image\" \/>\n<meta name=\"twitter:label1\" content=\"Est. reading time\" \/>\n\t<meta name=\"twitter:data1\" content=\"16 minutes\" \/>\n<script type=\"application\/ld+json\" class=\"yoast-schema-graph\">{\"@context\":\"https:\/\/schema.org\",\"@graph\":[{\"@type\":\"WebPage\",\"@id\":\"https:\/\/www.cedem.me\/en\/\",\"url\":\"https:\/\/www.cedem.me\/en\/\",\"name\":\"Po\u010detna - CEDEM\",\"isPartOf\":{\"@id\":\"https:\/\/www.cedem.me\/#website\"},\"primaryImageOfPage\":{\"@id\":\"https:\/\/www.cedem.me\/en\/#primaryimage\"},\"image\":{\"@id\":\"https:\/\/www.cedem.me\/en\/#primaryimage\"},\"thumbnailUrl\":\"https:\/\/www.cedem.me\/wp-content\/uploads\/2021\/05\/vladavina-prava-bijela.png\",\"datePublished\":\"2019-06-21T09:01:03+00:00\",\"dateModified\":\"2024-09-16T12:57:54+00:00\",\"breadcrumb\":{\"@id\":\"https:\/\/www.cedem.me\/en\/#breadcrumb\"},\"inLanguage\":\"en-US\",\"potentialAction\":[{\"@type\":\"ReadAction\",\"target\":[\"https:\/\/www.cedem.me\/en\/\"]}]},{\"@type\":\"ImageObject\",\"inLanguage\":\"en-US\",\"@id\":\"https:\/\/www.cedem.me\/en\/#primaryimage\",\"url\":\"https:\/\/www.cedem.me\/wp-content\/uploads\/2021\/05\/vladavina-prava-bijela.png\",\"contentUrl\":\"https:\/\/www.cedem.me\/wp-content\/uploads\/2021\/05\/vladavina-prava-bijela.png\"},{\"@type\":\"BreadcrumbList\",\"@id\":\"https:\/\/www.cedem.me\/en\/#breadcrumb\",\"itemListElement\":[{\"@type\":\"ListItem\",\"position\":1,\"name\":\"Home\",\"item\":\"https:\/\/www.cedem.me\/en\/\"},{\"@type\":\"ListItem\",\"position\":2,\"name\":\"Po\u010detna\"}]},{\"@type\":\"WebSite\",\"@id\":\"https:\/\/www.cedem.me\/#website\",\"url\":\"https:\/\/www.cedem.me\/\",\"name\":\"CEDEM\",\"description\":\"NVO\",\"publisher\":{\"@id\":\"https:\/\/www.cedem.me\/#organization\"},\"potentialAction\":[{\"@type\":\"SearchAction\",\"target\":{\"@type\":\"EntryPoint\",\"urlTemplate\":\"https:\/\/www.cedem.me\/?s={search_term_string}\"},\"query-input\":{\"@type\":\"PropertyValueSpecification\",\"valueRequired\":true,\"valueName\":\"search_term_string\"}}],\"inLanguage\":\"en-US\"},{\"@type\":\"Organization\",\"@id\":\"https:\/\/www.cedem.me\/#organization\",\"name\":\"CEDEM\",\"url\":\"https:\/\/www.cedem.me\/\",\"logo\":{\"@type\":\"ImageObject\",\"inLanguage\":\"en-US\",\"@id\":\"https:\/\/www.cedem.me\/#\/schema\/logo\/image\/\",\"url\":\"https:\/\/www.cedem.me\/wp-content\/uploads\/2022\/08\/CEDEM-logo-color-e1677500681828.png\",\"contentUrl\":\"https:\/\/www.cedem.me\/wp-content\/uploads\/2022\/08\/CEDEM-logo-color-e1677500681828.png\",\"width\":2000,\"height\":741,\"caption\":\"CEDEM\"},\"image\":{\"@id\":\"https:\/\/www.cedem.me\/#\/schema\/logo\/image\/\"}}]}<\/script>\n<!-- \/ Yoast SEO plugin. -->","yoast_head_json":{"title":"Po\u010detna - CEDEM","robots":{"index":"index","follow":"follow","max-snippet":"max-snippet:-1","max-image-preview":"max-image-preview:large","max-video-preview":"max-video-preview:-1"},"canonical":"https:\/\/www.cedem.me\/en\/","og_locale":"en_US","og_type":"article","og_title":"Po\u010detna - CEDEM","og_description":"Rule of law Read more Human rights Read more EU integration Read more Public adminisration Read more Publications Read more Public policy studies Read more Public opinion research Read more Political public opinion Read more Latest news March 22, 2024 Results of the Survey on Political Public Opinion in Montenegro May 22, 2023 Results of [&hellip;]","og_url":"https:\/\/www.cedem.me\/en\/","og_site_name":"CEDEM","article_modified_time":"2024-09-16T12:57:54+00:00","og_image":[{"url":"https:\/\/www.cedem.me\/wp-content\/uploads\/2021\/05\/vladavina-prava-bijela.png"}],"twitter_card":"summary_large_image","twitter_misc":{"Est. reading time":"16 minutes"},"schema":{"@context":"https:\/\/schema.org","@graph":[{"@type":"WebPage","@id":"https:\/\/www.cedem.me\/en\/","url":"https:\/\/www.cedem.me\/en\/","name":"Po\u010detna - CEDEM","isPartOf":{"@id":"https:\/\/www.cedem.me\/#website"},"primaryImageOfPage":{"@id":"https:\/\/www.cedem.me\/en\/#primaryimage"},"image":{"@id":"https:\/\/www.cedem.me\/en\/#primaryimage"},"thumbnailUrl":"https:\/\/www.cedem.me\/wp-content\/uploads\/2021\/05\/vladavina-prava-bijela.png","datePublished":"2019-06-21T09:01:03+00:00","dateModified":"2024-09-16T12:57:54+00:00","breadcrumb":{"@id":"https:\/\/www.cedem.me\/en\/#breadcrumb"},"inLanguage":"en-US","potentialAction":[{"@type":"ReadAction","target":["https:\/\/www.cedem.me\/en\/"]}]},{"@type":"ImageObject","inLanguage":"en-US","@id":"https:\/\/www.cedem.me\/en\/#primaryimage","url":"https:\/\/www.cedem.me\/wp-content\/uploads\/2021\/05\/vladavina-prava-bijela.png","contentUrl":"https:\/\/www.cedem.me\/wp-content\/uploads\/2021\/05\/vladavina-prava-bijela.png"},{"@type":"BreadcrumbList","@id":"https:\/\/www.cedem.me\/en\/#breadcrumb","itemListElement":[{"@type":"ListItem","position":1,"name":"Home","item":"https:\/\/www.cedem.me\/en\/"},{"@type":"ListItem","position":2,"name":"Po\u010detna"}]},{"@type":"WebSite","@id":"https:\/\/www.cedem.me\/#website","url":"https:\/\/www.cedem.me\/","name":"CEDEM","description":"NVO","publisher":{"@id":"https:\/\/www.cedem.me\/#organization"},"potentialAction":[{"@type":"SearchAction","target":{"@type":"EntryPoint","urlTemplate":"https:\/\/www.cedem.me\/?s={search_term_string}"},"query-input":{"@type":"PropertyValueSpecification","valueRequired":true,"valueName":"search_term_string"}}],"inLanguage":"en-US"},{"@type":"Organization","@id":"https:\/\/www.cedem.me\/#organization","name":"CEDEM","url":"https:\/\/www.cedem.me\/","logo":{"@type":"ImageObject","inLanguage":"en-US","@id":"https:\/\/www.cedem.me\/#\/schema\/logo\/image\/","url":"https:\/\/www.cedem.me\/wp-content\/uploads\/2022\/08\/CEDEM-logo-color-e1677500681828.png","contentUrl":"https:\/\/www.cedem.me\/wp-content\/uploads\/2022\/08\/CEDEM-logo-color-e1677500681828.png","width":2000,"height":741,"caption":"CEDEM"},"image":{"@id":"https:\/\/www.cedem.me\/#\/schema\/logo\/image\/"}}]}},"_links":{"self":[{"href":"https:\/\/www.cedem.me\/en\/wp-json\/wp\/v2\/pages\/13555","targetHints":{"allow":["GET"]}}],"collection":[{"href":"https:\/\/www.cedem.me\/en\/wp-json\/wp\/v2\/pages"}],"about":[{"href":"https:\/\/www.cedem.me\/en\/wp-json\/wp\/v2\/types\/page"}],"author":[{"embeddable":true,"href":"https:\/\/www.cedem.me\/en\/wp-json\/wp\/v2\/users\/1"}],"replies":[{"embeddable":true,"href":"https:\/\/www.cedem.me\/en\/wp-json\/wp\/v2\/comments?post=13555"}],"version-history":[{"count":87,"href":"https:\/\/www.cedem.me\/en\/wp-json\/wp\/v2\/pages\/13555\/revisions"}],"predecessor-version":[{"id":18597,"href":"https:\/\/www.cedem.me\/en\/wp-json\/wp\/v2\/pages\/13555\/revisions\/18597"}],"wp:attachment":[{"href":"https:\/\/www.cedem.me\/en\/wp-json\/wp\/v2\/media?parent=13555"}],"curies":[{"name":"wp","href":"https:\/\/api.w.org\/{rel}","templated":true}]}}